{"id":36889,"date":"2021-09-12T07:00:33","date_gmt":"2021-09-12T05:00:33","guid":{"rendered":"https:\/\/www.meine-ernte.de\/shop\/?post_type=product&#038;p=36889"},"modified":"2026-04-27T01:00:54","modified_gmt":"2026-04-26T23:00:54","slug":"gemuesegarten-mieten-in-hamburg-barsbuettel","status":"publish","type":"product","link":"https:\/\/www.meine-ernte.de\/shop\/gemuesegarten-mieten-in-hamburg-barsbuettel\/","title":{"rendered":"Gem\u00fcsegarten mieten in Hamburg \/ Barsb\u00fcttel"},"content":{"rendered":"<div class=\"row\"  id=\"row-1487494654\">\n\n\n\t<div id=\"col-2067678060\" class=\"col small-12 large-12\"  >\n\t\t\t\t<div class=\"col-inner\"  >\n\t\t\t\n\t\t\t\n\n<div class=\"container section-title-container\" ><h3 class=\"section-title section-title-center\"><b aria-hidden=\"true\"><\/b><span class=\"section-title-main\" >Das sagen unsere Kunden<\/span><b aria-hidden=\"true\"><\/b><\/h3><\/div>\n\n<div class=\"slider-wrapper relative\" id=\"slider-1708372643\" >\n    <div class=\"slider slider-nav-simple slider-nav-large slider-nav-light slider-style-normal slider-show-nav\"\n        data-flickity-options='{\n            \"cellAlign\": \"center\",\n            \"imagesLoaded\": true,\n            \"lazyLoad\": 1,\n            \"freeScroll\": true,\n            \"wrapAround\": true,\n            \"autoPlay\": 3500,\n            \"pauseAutoPlayOnHover\" : true,\n            \"prevNextButtons\": true,\n            \"contain\" : true,\n            \"adaptiveHeight\" : true,\n            \"dragThreshold\" : 10,\n            \"percentPosition\": true,\n            \"pageDots\": true,\n            \"rightToLeft\": false,\n            \"draggable\": true,\n            \"selectedAttraction\": 0.1,\n            \"parallax\" : 0,\n            \"friction\": 0.6        }'\n        >\n        \n\n<div class=\"row\"  id=\"row-1768286418\">\n\n\n\t<div id=\"col-1149644726\" class=\"col small-12 large-12\"  >\n\t\t\t\t<div class=\"col-inner\"  >\n\t\t\t\n\t\t\t\n\n  <div class=\"icon-box testimonial-box icon-box-left text-left\">\n                <div class=\"icon-box-text p-last-0\">\n          <div class=\"star-rating\" role=\"img\" aria-label=\"Rated 5 out of 5\"><span style=\"width:100%\"><strong class=\"rating\"><\/strong><\/span><\/div>  \t\t\t\t<div class=\"testimonial-text line-height-small italic test_text first-reset last-reset is-italic\">\n            \n\n<div class=\"row\"  id=\"row-153335788\">\n\n\n\t<div id=\"col-336792345\" class=\"col medium-4 small-12 large-4\"  >\n\t\t\t\t<div class=\"col-inner\"  >\n\t\t\t\n\t\t\t\n\n\t<div class=\"img has-hover x md-x lg-x y md-y lg-y\" id=\"image_573510747\">\n\t\t\t\t\t\t\t\t<div class=\"img-inner dark\" >\n\t\t\t<img decoding=\"async\" width=\"1020\" height=\"765\" src=\"https:\/\/www.meine-ernte.de\/shop\/wp-content\/uploads\/IMG_3912-1067x800.jpg\" class=\"attachment-large size-large\" alt=\"\" srcset=\"https:\/\/www.meine-ernte.de\/shop\/wp-content\/uploads\/IMG_3912-1067x800.jpg 1067w, https:\/\/www.meine-ernte.de\/shop\/wp-content\/uploads\/IMG_3912-533x400.jpg 533w, https:\/\/www.meine-ernte.de\/shop\/wp-content\/uploads\/IMG_3912-768x576.jpg 768w, https:\/\/www.meine-ernte.de\/shop\/wp-content\/uploads\/IMG_3912-1536x1152.jpg 1536w, https:\/\/www.meine-ernte.de\/shop\/wp-content\/uploads\/IMG_3912-2048x1536.jpg 2048w, https:\/\/www.meine-ernte.de\/shop\/wp-content\/uploads\/IMG_3912-600x450.jpg 600w, https:\/\/www.meine-ernte.de\/shop\/wp-content\/uploads\/IMG_3912-100x75.jpg 100w, https:\/\/www.meine-ernte.de\/shop\/wp-content\/uploads\/IMG_3912-80x60.jpg 80w\" sizes=\"(max-width: 1020px) 100vw, 1020px\" \/>\t\t\t\t\t\t\n\t\t\t\t\t<\/div>\n\t\t\t\t\t\t\t\t\n<style>\n#image_573510747 {\n  width: 86%;\n}\n<\/style>\n\t<\/div>\n\t\n\n\n\t\t<\/div>\n\t\t\t\t\t<\/div>\n\n\t\n\n\t<div id=\"col-1990137703\" class=\"col medium-8 small-12 large-8\"  >\n\t\t\t\t<div class=\"col-inner\"  >\n\t\t\t\n\t\t\t\n\n<p>\"Es ist unglaublich wie gut der Boden ist und wieviel Spass es macht eigenes Gemuese zu zuechten und zu essen, 2 Monate Arbeit und 4 Monate Ernte\"<\/p>\n<p style=\"text-align: right;\"><strong>Das sagt Markus \u00fcber seinen <a href=\"https:\/\/www.meine-ernte.de\/shop\/gemuesegarten-mieten-in-berlin-wartenberg\/\">Gem\u00fcsegarten in Berlin-Wartenberg<\/a><\/strong><\/p>\n\n\t\t<\/div>\n\t\t\t\t\t<\/div>\n\n\t\n\n<\/div>\n\n          <\/div>\n          <div class=\"testimonial-meta pt-half\">\n             <strong class=\"testimonial-name test_name\"><\/strong>\n                          <span class=\"testimonial-company test_company\"><\/span>\n          <\/div>\n        <\/div>\n  <\/div>\n\n  \n\n\t\t<\/div>\n\t\t\t\t\t<\/div>\n\n\t\n\n<\/div>\n<div class=\"row\"  id=\"row-320674933\">\n\n\n\t<div id=\"col-1805181795\" class=\"col small-12 large-12\"  >\n\t\t\t\t<div class=\"col-inner\"  >\n\t\t\t\n\t\t\t\n\n  <div class=\"icon-box testimonial-box icon-box-left text-left\">\n                <div class=\"icon-box-text p-last-0\">\n          <div class=\"star-rating\" role=\"img\" aria-label=\"Rated 5 out of 5\"><span style=\"width:100%\"><strong class=\"rating\"><\/strong><\/span><\/div>  \t\t\t\t<div class=\"testimonial-text line-height-small italic test_text first-reset last-reset is-italic\">\n            \n\n<p>\"Ich genie\u00dfe es so sehr, auf dem Feld zu arbeiten und entspannen zu k\u00f6nnen. Es ist so sch\u00f6n zu sehen, wie die Pflanzen in diesem traumhaften Boden wachsen. Aktuell haben wir nur zu viel Regen, sodass schon der Mehltau unterwegs ist, aber der August wird bestimmt etwas trockener. Danke f\u00fcr die M\u00f6glichkeit, die ihr mit meine ernte schafft!\"<\/p>\n<p style=\"text-align: right;\"><strong>Das sagt Marion \u00fcber ihren <a href=\"https:\/\/www.meine-ernte.de\/shop\/gemuesegarten-mieten-in-kiel-2025\/\" target=\"_blank\" rel=\"noopener\">Gem\u00fcsegarten in Kiel<\/a><\/strong><\/p>\n\n          <\/div>\n          <div class=\"testimonial-meta pt-half\">\n             <strong class=\"testimonial-name test_name\"><\/strong>\n                          <span class=\"testimonial-company test_company\"><\/span>\n          <\/div>\n        <\/div>\n  <\/div>\n\n  \n\n\t\t<\/div>\n\t\t\t\t\t<\/div>\n\n\t\n\n<\/div>\n<div class=\"row\"  id=\"row-2136888239\">\n\n\n\t<div id=\"col-642063728\" class=\"col small-12 large-12\"  >\n\t\t\t\t<div class=\"col-inner\"  >\n\t\t\t\n\t\t\t\n\n  <div class=\"icon-box testimonial-box icon-box-left text-left\">\n                <div class=\"icon-box-text p-last-0\">\n          <div class=\"star-rating\" role=\"img\" aria-label=\"Rated 5 out of 5\"><span style=\"width:100%\"><strong class=\"rating\"><\/strong><\/span><\/div>  \t\t\t\t<div class=\"testimonial-text line-height-small italic test_text first-reset last-reset is-italic\">\n            \n\n<p>\"<em>Zum 8. Mal habe ich nun bei euch einen kleines St\u00fcck 45qm-Gem\u00fcseacker gemietet und habe es immer wieder sch\u00f6n gefunden, dass jeder auf seinem St\u00fcck nach seinen eigenen Vorstellungen Gem\u00fcse und Kr\u00e4uter anbauen kann und vor allem giftfrei und frei von synthetischen Spritzmitteln. Auch wenn die Ertragsmenge variierte war es doch immer ein sch\u00f6nes Gef\u00fchl, das Gem\u00fcse wachsen zu sehen und sogar ernten zu k\u00f6nnen. Dieses individuelle G\u00e4rtnern unterscheidet sich von einem Gemeinschaftsgarten, wo jeder drangeht und viel eher Konflikte entstehen als in einem individuellen St\u00fcck Acker. Dennoch gibt es ein Gemeinschaftsgef\u00fchl durch den kommunikativen Austausch zwischen den G\u00e4rtnern und G\u00e4rtnerinnen. Auch eure Infos waren immer sehr hilfreich.<br \/>Danke<br \/>Brigitte<\/em>\"<\/p>\n<p style=\"text-align: right;\"><strong>Das sagt Brigitte \u00fcber ihren <a href=\"https:\/\/www.meine-ernte.de\/shop\/gemuesegarten-mieten-in-aachen\/\" target=\"_blank\" rel=\"noopener\">Gem\u00fcsegarten in Aachen<\/a><\/strong><\/p>\n\n          <\/div>\n          <div class=\"testimonial-meta pt-half\">\n             <strong class=\"testimonial-name test_name\"><\/strong>\n                          <span class=\"testimonial-company test_company\"><\/span>\n          <\/div>\n        <\/div>\n  <\/div>\n\n  \n\n\t\t<\/div>\n\t\t\t\t\t<\/div>\n\n\t\n\n<\/div>\n<div class=\"row\"  id=\"row-293860566\">\n\n\n\t<div id=\"col-540491028\" class=\"col small-12 large-12\"  >\n\t\t\t\t<div class=\"col-inner\"  >\n\t\t\t\n\t\t\t\n\n  <div class=\"icon-box testimonial-box icon-box-left text-left\">\n                <div class=\"icon-box-text p-last-0\">\n          <div class=\"star-rating\" role=\"img\" aria-label=\"Rated 5 out of 5\"><span style=\"width:100%\"><strong class=\"rating\"><\/strong><\/span><\/div>  \t\t\t\t<div class=\"testimonial-text line-height-small italic test_text first-reset last-reset is-italic\">\n            \n\n<p>\"Es war das ganze Gartenjahr ein Ort der erf\u00fcllenden Bet\u00e4tigung und Erholung f\u00fcr uns! Die Ernte war die gr\u00f6\u00dfte \u00dcberraschung f\u00fcr uns. Mit so viel Ertrag haben wir niemals gerechnet! Wir sind n\u00e4chstes Jahr wieder dabei \ud83d\ude42\"<\/p>\n<p style=\"text-align: right;\"><strong>Das sagt Laura \u00fcber ihren <a href=\"https:\/\/www.meine-ernte.de\/shop\/gemuesegarten-mieten-in-bottrop-kirchhellen\/\">Gem\u00fcsegarten in Bottrop-Kirchhellen<\/a><\/strong><\/p>\n\n          <\/div>\n          <div class=\"testimonial-meta pt-half\">\n             <strong class=\"testimonial-name test_name\"><\/strong>\n                          <span class=\"testimonial-company test_company\"><\/span>\n          <\/div>\n        <\/div>\n  <\/div>\n\n  \n\n\t\t<\/div>\n\t\t\t\t\t<\/div>\n\n\t\n\n<\/div>\n<div class=\"row\"  id=\"row-2146283049\">\n\n\n\t<div id=\"col-195523823\" class=\"col small-12 large-12\"  >\n\t\t\t\t<div class=\"col-inner\"  >\n\t\t\t\n\t\t\t\n\n  <div class=\"icon-box testimonial-box icon-box-left text-left\">\n                <div class=\"icon-box-text p-last-0\">\n          <div class=\"star-rating\" role=\"img\" aria-label=\"Rated 5 out of 5\"><span style=\"width:100%\"><strong class=\"rating\"><\/strong><\/span><\/div>  \t\t\t\t<div class=\"testimonial-text line-height-small italic test_text first-reset last-reset is-italic\">\n            \n\n<p>\"<em>Gute Lage, gute Leute, tolle meine Ernte-Team<\/em><em>.\"<\/em><\/p>\n<p style=\"text-align: right;\"><strong>Das sagt Ernst \u00fcber seinen <a href=\"https:\/\/www.meine-ernte.de\/shop\/gemuesegarten-mieten-in-berlin-wartenberg\/\" target=\"_blank\" rel=\"noopener\">Gem\u00fcsegarten in Berlin Wartenberg<\/a><\/strong><\/p>\n\n          <\/div>\n          <div class=\"testimonial-meta pt-half\">\n             <strong class=\"testimonial-name test_name\"><\/strong>\n                          <span class=\"testimonial-company test_company\"><\/span>\n          <\/div>\n        <\/div>\n  <\/div>\n\n  \n\n\t\t<\/div>\n\t\t\t\t\t<\/div>\n\n\t\n\n<\/div>\n<div class=\"row\"  id=\"row-1082460337\">\n\n\n\t<div id=\"col-407169701\" class=\"col small-12 large-12\"  >\n\t\t\t\t<div class=\"col-inner\"  >\n\t\t\t\n\t\t\t\n\n  <div class=\"icon-box testimonial-box icon-box-left text-left\">\n                <div class=\"icon-box-text p-last-0\">\n          <div class=\"star-rating\" role=\"img\" aria-label=\"Rated 5 out of 5\"><span style=\"width:100%\"><strong class=\"rating\"><\/strong><\/span><\/div>  \t\t\t\t<div class=\"testimonial-text line-height-small italic test_text first-reset last-reset is-italic\">\n            \n\n<p>\"Wir lieben unser Feld. Es gibt nichts K\u00f6stlicheres als das selbst gepflegte und geerntete Gem\u00fcse. F\u00fcr uns ist der Ausflug zum Feld immer eine kleine Auszeit im Paradies. Das Eingekochte erfreut uns dann sogar noch im Winter.\"<\/p>\n<p style=\"text-align: right;\"><strong>Das sagt Lisa \u00fcber ihren <a href=\"https:\/\/www.meine-ernte.de\/shop\/gemuesegarten-mieten-in-stuttgart-moehringen-onstmettinger-weg\/\">Bio-Gem\u00fcsegarten in Stuttgart-M\u00f6hringen<\/a><\/strong><\/p>\n\n          <\/div>\n          <div class=\"testimonial-meta pt-half\">\n             <strong class=\"testimonial-name test_name\"><\/strong>\n                          <span class=\"testimonial-company test_company\"><\/span>\n          <\/div>\n        <\/div>\n  <\/div>\n\n  \n\n\t\t<\/div>\n\t\t\t\t\t<\/div>\n\n\t\n\n<\/div>\n<div class=\"row\"  id=\"row-1373643398\">\n\n\n\t<div id=\"col-2082023359\" class=\"col small-12 large-12\"  >\n\t\t\t\t<div class=\"col-inner\"  >\n\t\t\t\n\t\t\t\n\n  <div class=\"icon-box testimonial-box icon-box-left text-left\">\n                <div class=\"icon-box-text p-last-0\">\n          <div class=\"star-rating\" role=\"img\" aria-label=\"Rated 5 out of 5\"><span style=\"width:100%\"><strong class=\"rating\"><\/strong><\/span><\/div>  \t\t\t\t<div class=\"testimonial-text line-height-small italic test_text first-reset last-reset is-italic\">\n            \n\n<p>\"Wir haben das 2021 das erstmal gemacht und waren begeistern\"<\/p>\n<p style=\"text-align: right;\"><strong>Das sagt Beate \u00fcber ihren <a href=\"https:\/\/www.meine-ernte.de\/shop\/gemuesegarten-mieten-in-bottrop-kirchhellen\/\">Gem\u00fcsegarten in Bottrop-Kirchhellen<\/a><\/strong><\/p>\n\n          <\/div>\n          <div class=\"testimonial-meta pt-half\">\n             <strong class=\"testimonial-name test_name\"><\/strong>\n                          <span class=\"testimonial-company test_company\"><\/span>\n          <\/div>\n        <\/div>\n  <\/div>\n\n  \n\n\t\t<\/div>\n\t\t\t\t\t<\/div>\n\n\t\n\n<\/div>\n<div class=\"row\"  id=\"row-781745002\">\n\n\n\t<div id=\"col-953186603\" class=\"col small-12 large-12\"  >\n\t\t\t\t<div class=\"col-inner\"  >\n\t\t\t\n\t\t\t\n\n  <div class=\"icon-box testimonial-box icon-box-left text-left\">\n                <div class=\"icon-box-text p-last-0\">\n          <div class=\"star-rating\" role=\"img\" aria-label=\"Rated 5 out of 5\"><span style=\"width:100%\"><strong class=\"rating\"><\/strong><\/span><\/div>  \t\t\t\t<div class=\"testimonial-text line-height-small italic test_text first-reset last-reset is-italic\">\n            \n\n<p>\"<em>Das \u201eAckern\u201c ist pure Freude und ein echter Ausgleich zu einem stressigen Arbeitsleben.<\/em><em>\"<\/em><\/p>\n<p style=\"text-align: right;\"><strong>Das sagt Friederike \u00fcber ihren <a href=\"https:\/\/www.meine-ernte.de\/shop\/gemuesegarten-mieten-in-essen\/\" target=\"_blank\" rel=\"noopener\">Gem\u00fcsegarten in Essen<\/a><\/strong><\/p>\n\n          <\/div>\n          <div class=\"testimonial-meta pt-half\">\n             <strong class=\"testimonial-name test_name\"><\/strong>\n                          <span class=\"testimonial-company test_company\"><\/span>\n          <\/div>\n        <\/div>\n  <\/div>\n\n  \n\n\t\t<\/div>\n\t\t\t\t\t<\/div>\n\n\t\n\n<\/div>\n<div class=\"row\"  id=\"row-15733713\">\n\n\n\t<div id=\"col-1230117311\" class=\"col small-12 large-12\"  >\n\t\t\t\t<div class=\"col-inner\"  >\n\t\t\t\n\t\t\t\n\n  <div class=\"icon-box testimonial-box icon-box-left text-left\">\n                <div class=\"icon-box-text p-last-0\">\n          <div class=\"star-rating\" role=\"img\" aria-label=\"Rated 5 out of 5\"><span style=\"width:100%\"><strong class=\"rating\"><\/strong><\/span><\/div>  \t\t\t\t<div class=\"testimonial-text line-height-small italic test_text first-reset last-reset is-italic\">\n            \n\n<p>\"Mein G\u00e4rtle macht mich gl\u00fccklich.\"<\/p>\n<p style=\"text-align: right;\"><strong>Das sagt Andrea \u00fcber ihren <a href=\"https:\/\/www.meine-ernte.de\/shop\/bio-gemuesegarten-mieten-in-stuttgart-moehringen-duerrlewang-faessler\/\">Bio-Gem\u00fcsegarten in Stuttgart-M\u00f6hringen<\/a><\/strong><\/p>\n\n          <\/div>\n          <div class=\"testimonial-meta pt-half\">\n             <strong class=\"testimonial-name test_name\"><\/strong>\n                          <span class=\"testimonial-company test_company\"><\/span>\n          <\/div>\n        <\/div>\n  <\/div>\n\n  \n\n\t\t<\/div>\n\t\t\t\t\t<\/div>\n\n\t\n\n<\/div>\n<div class=\"row\"  id=\"row-1761155740\">\n\n\n\t<div id=\"col-1876607951\" class=\"col small-12 large-12\"  >\n\t\t\t\t<div class=\"col-inner\"  >\n\t\t\t\n\t\t\t\n\n  <div class=\"icon-box testimonial-box icon-box-left text-left\">\n                <div class=\"icon-box-text p-last-0\">\n          <div class=\"star-rating\" role=\"img\" aria-label=\"Rated 5 out of 5\"><span style=\"width:100%\"><strong class=\"rating\"><\/strong><\/span><\/div>  \t\t\t\t<div class=\"testimonial-text line-height-small italic test_text first-reset last-reset is-italic\">\n            \n\n<p>\"Tolles Gem\u00fcse und wieder reiche Ernte von meiner Zwergenwiese.\"<\/p>\n<p style=\"text-align: right;\"><strong>Das sagt Hanne\u00a0\u00fcber ihren <a href=\"https:\/\/www.meine-ernte.de\/shop\/gemuesegarten-mieten-in-herten\/\">Gem\u00fcsegarten in Herten<\/a><\/strong><\/p>\n\n          <\/div>\n          <div class=\"testimonial-meta pt-half\">\n             <strong class=\"testimonial-name test_name\"><\/strong>\n                          <span class=\"testimonial-company test_company\"><\/span>\n          <\/div>\n        <\/div>\n  <\/div>\n\n  \n\n\t\t<\/div>\n\t\t\t\t\t<\/div>\n\n\t\n\n<\/div>\n<div class=\"row\"  id=\"row-1176808661\">\n\n\n\t<div id=\"col-1991774072\" class=\"col small-12 large-12\"  >\n\t\t\t\t<div class=\"col-inner\"  >\n\t\t\t\n\t\t\t\n\n  <div class=\"icon-box testimonial-box icon-box-left text-left\">\n                <div class=\"icon-box-text p-last-0\">\n          <div class=\"star-rating\" role=\"img\" aria-label=\"Rated 5 out of 5\"><span style=\"width:100%\"><strong class=\"rating\"><\/strong><\/span><\/div>  \t\t\t\t<div class=\"testimonial-text line-height-small italic test_text first-reset last-reset is-italic\">\n            \n\n<p>\"Wir sind sehr zufrieden und gl\u00fccklich. Vielen Dank.\"<\/p>\n<p style=\"text-align: right;\"><strong>Das sagt Wolf \u00fcber seinen <a href=\"https:\/\/www.meine-ernte.de\/shop\/gemuesegarten-mieten-in-hamburg-norderstedt\/\">Gem\u00fcsegarten in Hamburg \/ Norderstedt<\/a><\/strong><\/p>\n\n          <\/div>\n          <div class=\"testimonial-meta pt-half\">\n             <strong class=\"testimonial-name test_name\"><\/strong>\n                          <span class=\"testimonial-company test_company\"><\/span>\n          <\/div>\n        <\/div>\n  <\/div>\n\n  \n\n\t\t<\/div>\n\t\t\t\t\t<\/div>\n\n\t\n\n<\/div>\n<div class=\"row\"  id=\"row-401724148\">\n\n\n\t<div id=\"col-878070911\" class=\"col small-12 large-12\"  >\n\t\t\t\t<div class=\"col-inner\"  >\n\t\t\t\n\t\t\t\n\n  <div class=\"icon-box testimonial-box icon-box-left text-left\">\n                <div class=\"icon-box-text p-last-0\">\n          <div class=\"star-rating\" role=\"img\" aria-label=\"Rated 5 out of 5\"><span style=\"width:100%\"><strong class=\"rating\"><\/strong><\/span><\/div>  \t\t\t\t<div class=\"testimonial-text line-height-small italic test_text first-reset last-reset is-italic\">\n            \n\n\t<div id=\"text-124152110\" class=\"text\">\n\t\t\n\n<p>\"<em>Ist einfach genial!<\/em><em>\ud83e\udd29 Ich miete hier schon zum f\u00fcnften Mal einen Acker, und jedes Jahr macht es mehr Spa\u00df.\"<\/em><\/p>\n<p style=\"text-align: right;\"><strong>Das sagt Heike \u00fcber ihren <a href=\"https:\/\/www.meine-ernte.de\/shop\/gemuesegarten-mieten-in-berlin-wartenberg\/\" target=\"_blank\" rel=\"noopener\">Gem\u00fcsegarten in Berlin Wartenberg<\/a><\/strong><\/p>\n\t\t\n<style>\n#text-124152110 {\n  line-height: 1.5;\n}\n<\/style>\n\t<\/div>\n\t\n\n          <\/div>\n          <div class=\"testimonial-meta pt-half\">\n             <strong class=\"testimonial-name test_name\"><\/strong>\n                          <span class=\"testimonial-company test_company\"><\/span>\n          <\/div>\n        <\/div>\n  <\/div>\n\n  \n\n\t\t<\/div>\n\t\t\t\t\t<\/div>\n\n\t\n\n<\/div>\n\n     <\/div>\n\n     <div class=\"loading-spin dark large centered\"><\/div>\n\n\t<\/div>\n\n\n\n\t\t<\/div>\n\t\t\t\t\t<\/div>\n\n\t\n\n<\/div>\n<div class=\"container section-title-container\" ><h2 class=\"section-title section-title-center\"><b aria-hidden=\"true\"><\/b><span class=\"section-title-main\" >Miete deinen Garten in Hamburg \/ Barsb\u00fcttel!<\/span><b aria-hidden=\"true\"><\/b><\/h2><\/div>\n\n\t<section class=\"section\" id=\"section_1084603246\">\n\t\t<div class=\"section-bg fill\" >\n\t\t\t\t\t\t\t\t\t\n\t\t\t\n\t<div class=\"is-border\"\n\t\tstyle=\"border-width:0px 0px 0px 0px;\">\n\t<\/div>\n\n\t\t<\/div>\n\n\t\t\n\n\t\t<div class=\"section-content relative\">\n\t\t\t\n\n<span class=\"scroll-to\" data-label=\"Scroll to: #preise\" data-bullet=\"true\" data-link=\"#preise\" data-title=\"preise\"><a name=\"preise\"><\/a><\/span>\n\n<h2 style=\"text-align: center;\">Welche Gartengr\u00f6\u00dfe passt zu mir?<\/h2>\n\t<div class=\"img has-hover x md-x lg-x y md-y lg-y\" id=\"image_542879697\">\n\t\t<a class=\"image-lightbox lightbox-gallery\" title=\"\" href=\"https:\/\/www.meine-ernte.de\/shop\/wp-content\/uploads\/meine_ernte_Konzept_Grafik_neu_ohne_Mini_-_web.jpg\">\t\t\t\t\t\t<div class=\"img-inner dark\" >\n\t\t\t<img decoding=\"async\" width=\"950\" height=\"410\" src=\"https:\/\/www.meine-ernte.de\/shop\/wp-content\/uploads\/meine_ernte_Konzept_Grafik_neu_ohne_Mini_-_web.jpg\" class=\"attachment-large size-large\" alt=\"\" srcset=\"https:\/\/www.meine-ernte.de\/shop\/wp-content\/uploads\/meine_ernte_Konzept_Grafik_neu_ohne_Mini_-_web.jpg 950w, https:\/\/www.meine-ernte.de\/shop\/wp-content\/uploads\/meine_ernte_Konzept_Grafik_neu_ohne_Mini_-_web-800x345.jpg 800w, https:\/\/www.meine-ernte.de\/shop\/wp-content\/uploads\/meine_ernte_Konzept_Grafik_neu_ohne_Mini_-_web-768x331.jpg 768w, https:\/\/www.meine-ernte.de\/shop\/wp-content\/uploads\/meine_ernte_Konzept_Grafik_neu_ohne_Mini_-_web-600x259.jpg 600w, https:\/\/www.meine-ernte.de\/shop\/wp-content\/uploads\/meine_ernte_Konzept_Grafik_neu_ohne_Mini_-_web-100x43.jpg 100w\" sizes=\"(max-width: 950px) 100vw, 950px\" \/>\t\t\t\t\t\t\n\t\t\t\t\t<\/div>\n\t\t\t\t\t\t<\/a>\t\t\n<style>\n#image_542879697 {\n  width: 100%;\n}\n<\/style>\n\t<\/div>\n\t\n\n\t<div id=\"gap-470771786\" class=\"gap-element clearfix\" style=\"display:block; height:auto;\">\n\t\t\n<style>\n#gap-470771786 {\n  padding-top: 30px;\n}\n<\/style>\n\t<\/div>\n\t\n\n<div class=\"row row-full-width align-center\"  id=\"row-33534936\">\n\n\n\t<div id=\"col-1211411940\" class=\"col medium-6 small-12 large-6\"  >\n\t\t\t\t<div class=\"col-inner\" style=\"background-color:rgba(236, 236, 236, 0.948);\" >\n\t\t\t\n\t\t\t\n\n<h3>Kleiner Gem\u00fcsegarten, ca. 45 qm<\/h3>\n<div class=\"accordion\">\n\n\t<div id=\"accordion-1520933553\" class=\"accordion-item\">\n\t\t<a id=\"accordion-1520933553-label\" class=\"accordion-title plain\" href=\"#accordion-item-f\u00fcr-1-2-personen-f\u00fcr-259,-\" aria-expanded=\"false\" aria-controls=\"accordion-1520933553-content\">\n\t\t\t<button class=\"toggle\" aria-label=\"Umschalten\"><i class=\"icon-angle-down\" aria-hidden=\"true\"><\/i><\/button>\n\t\t\t<span>F\u00fcr 1-2 Personen f\u00fcr 259,-<\/span>\n\t\t<\/a>\n\t\t<div id=\"accordion-1520933553-content\" class=\"accordion-inner\" aria-labelledby=\"accordion-1520933553-label\">\n\t\t\t\n\n<ul>\n<li>Ca.\u00a0<strong>45 qm<\/strong><\/li>\n<li>Davon ca. 4 qm Wunschbeet - hier kannst du deine Lieblingssorten pflanzen<\/li>\n<li>Empfohlen f\u00fcr\u00a0<strong>1-2 Personen<\/strong><\/li>\n<li>Zeitlicher Aufwand f\u00fcr die Pflege des Gartens:<strong> 2-3 Stunden<\/strong><\/li>\n<li>Mind.\u00a0<strong>20 Gem\u00fcsesorten\u00a0<\/strong>gepflanzt oder ges\u00e4t<\/li>\n<li>Saison von April\/Mai bis Ende Oktober\/November<\/li>\n<\/ul>\n<p class=\"align-left\"><strong>Einmalig pro Saison nur<\/strong><\/p>\n<p class=\"align-left\"><strong>259,- EUR<\/strong><\/p>\n\n\t\t<\/div>\n\t<\/div>\n\t\n\n<\/div>\n\n\t\t<\/div>\n\t\t\t\t\n<style>\n#col-1211411940 > .col-inner {\n  border-radius: 8px;\n}\n<\/style>\n\t<\/div>\n\n\t\n\n\t<div id=\"col-1198694651\" class=\"col medium-6 small-12 large-6\"  >\n\t\t\t\t<div class=\"col-inner\" style=\"background-color:rgb(236, 236, 236);\" >\n\t\t\t\n\t\t\t\n\n<h3>Familien Gem\u00fcsegarten, ca. 90 qm<\/h3>\n<div class=\"accordion\">\n\n\t<div id=\"accordion-3984767030\" class=\"accordion-item\">\n\t\t<a id=\"accordion-3984767030-label\" class=\"accordion-title plain\" href=\"#accordion-item-ab-3-personen-f\u00fcr-479,-\" aria-expanded=\"false\" aria-controls=\"accordion-3984767030-content\">\n\t\t\t<button class=\"toggle\" aria-label=\"Umschalten\"><i class=\"icon-angle-down\" aria-hidden=\"true\"><\/i><\/button>\n\t\t\t<span>Ab 3 Personen f\u00fcr 479,-<\/span>\n\t\t<\/a>\n\t\t<div id=\"accordion-3984767030-content\" class=\"accordion-inner\" aria-labelledby=\"accordion-3984767030-label\">\n\t\t\t\n\n<div>\u00a0<\/div>\n<div>\n<ul>\n<li>Ca.\u00a0<strong>90 qm<\/strong>\u00a0(davon ca. 8 qm Wunschbeet)<\/li>\n<li>Empfohlen f\u00fcr\u00a0<strong>3-5 Personen<\/strong><\/li>\n<li>Zeitlicher Aufwand f\u00fcr die Pflege des Gartens: <strong>4-6 Stunden <\/strong><\/li>\n<li>Mind.\u00a0<strong>20 Gem\u00fcsesorten<\/strong>\u00a0gepflanzt oder ges\u00e4t<\/li>\n<li>Saison von April\/Mai bis Ende Oktober\/November<\/li>\n<\/ul>\n<\/div>\n<p class=\"align-left\"><strong>Einmalig pro Saison nur<\/strong><\/p>\n<p class=\"align-left\"><strong>479,- EUR<\/strong><\/p>\n\n\t\t<\/div>\n\t<\/div>\n\t\n\n<\/div>\n\n\t\t<\/div>\n\t\t\t\t\n<style>\n#col-1198694651 > .col-inner {\n  border-radius: 8px;\n}\n<\/style>\n\t<\/div>\n\n\t\n\n<\/div>\n<div class=\"container section-title-container\" ><h3 class=\"section-title section-title-normal\"><b aria-hidden=\"true\"><\/b><span class=\"section-title-main\" >\u00dcber 20 Knackfrische Gem\u00fcsesorten<\/span><b aria-hidden=\"true\"><\/b><\/h3><\/div>\n\n<div class=\"row\"  id=\"row-1379350277\">\n\n\n\t<div id=\"col-1632338139\" class=\"col small-12 large-12\"  >\n\t\t\t\t<div class=\"col-inner\"  >\n\t\t\t\n\t\t\t\n\n\t<div class=\"img has-hover x md-x lg-x y md-y lg-y\" id=\"image_1878655765\">\n\t\t<a class=\"image-lightbox lightbox-gallery\" title=\"\" href=\"https:\/\/www.meine-ernte.de\/shop\/wp-content\/uploads\/Deine-Gemuesevielfalt-im-eigenen-Gemuesegarten-1-e1753868813221.jpg\">\t\t\t\t\t\t<div class=\"img-inner dark\" >\n\t\t\t<img decoding=\"async\" width=\"1020\" height=\"436\" src=\"https:\/\/www.meine-ernte.de\/shop\/wp-content\/uploads\/Deine-Gemuesevielfalt-im-eigenen-Gemuesegarten-1-e1753868813221-1400x599.jpg\" class=\"attachment-large size-large\" alt=\"\" srcset=\"https:\/\/www.meine-ernte.de\/shop\/wp-content\/uploads\/Deine-Gemuesevielfalt-im-eigenen-Gemuesegarten-1-e1753868813221-1400x599.jpg 1400w, https:\/\/www.meine-ernte.de\/shop\/wp-content\/uploads\/Deine-Gemuesevielfalt-im-eigenen-Gemuesegarten-1-e1753868813221-800x343.jpg 800w, https:\/\/www.meine-ernte.de\/shop\/wp-content\/uploads\/Deine-Gemuesevielfalt-im-eigenen-Gemuesegarten-1-e1753868813221-768x329.jpg 768w, https:\/\/www.meine-ernte.de\/shop\/wp-content\/uploads\/Deine-Gemuesevielfalt-im-eigenen-Gemuesegarten-1-e1753868813221-1536x658.jpg 1536w, https:\/\/www.meine-ernte.de\/shop\/wp-content\/uploads\/Deine-Gemuesevielfalt-im-eigenen-Gemuesegarten-1-e1753868813221-600x257.jpg 600w, https:\/\/www.meine-ernte.de\/shop\/wp-content\/uploads\/Deine-Gemuesevielfalt-im-eigenen-Gemuesegarten-1-e1753868813221-100x43.jpg 100w, https:\/\/www.meine-ernte.de\/shop\/wp-content\/uploads\/Deine-Gemuesevielfalt-im-eigenen-Gemuesegarten-1-e1753868813221-80x34.jpg 80w, https:\/\/www.meine-ernte.de\/shop\/wp-content\/uploads\/Deine-Gemuesevielfalt-im-eigenen-Gemuesegarten-1-e1753868813221.jpg 1920w\" sizes=\"(max-width: 1020px) 100vw, 1020px\" \/>\t\t\t\t\t\t\n\t\t\t\t\t<\/div>\n\t\t\t\t\t\t<\/a>\t\t\n<style>\n#image_1878655765 {\n  width: 100%;\n}\n<\/style>\n\t<\/div>\n\t\n\n\n\t\t<\/div>\n\t\t\t\t\t<\/div>\n\n\t\n\n<\/div>\n\n\t\t<\/div>\n\n\t\t\n<style>\n#section_1084603246 {\n  padding-top: 30px;\n  padding-bottom: 30px;\n}\n<\/style>\n\t<\/section>\n\t\n<span class=\"scroll-to\" data-label=\"Scroll to: #partner\" data-bullet=\"true\" data-link=\"#partner\" data-title=\"partner\"><a name=\"partner\"><\/a><\/span>\n<div class=\"container section-title-container\" ><h2 class=\"section-title section-title-center\"><b aria-hidden=\"true\"><\/b><span class=\"section-title-main\" >Unser partner f\u00fcr dein Erntegl\u00fcck in Hamburg barsb\u00fcttel<\/span><b aria-hidden=\"true\"><\/b><\/h2><\/div>\n\n\t<section class=\"section\" id=\"section_719712183\">\n\t\t<div class=\"section-bg fill\" >\n\t\t\t\t\t\t\t\t\t\n\t\t\t\n\n\t\t<\/div>\n\n\t\t\n\n\t\t<div class=\"section-content relative\">\n\t\t\t\n<span class=\"scroll-to\" data-label=\"Scroll to: #partner\" data-bullet=\"true\" data-link=\"#partner\" data-title=\"partner\"><a name=\"partner\"><\/a><\/span>\n<div class=\"row\"  id=\"row-1119617325\">\n\n\t<div id=\"col-1998710057\" class=\"col medium-3 small-12 large-3\"  >\n\t\t\t\t<div class=\"col-inner\"  >\n\t\t\t\n\t\t\t\n\t<div class=\"img has-hover x md-x lg-x y md-y lg-y\" id=\"image_1890244799\">\n\t\t\t\t\t\t\t\t<div class=\"img-inner dark\" >\n\t\t\t<img decoding=\"async\" width=\"1020\" height=\"680\" src=\"https:\/\/www.meine-ernte.de\/shop\/wp-content\/uploads\/Familie-Wriggers-Barsbuettel-1200x800.jpg\" class=\"attachment-large size-large\" alt=\"\" srcset=\"https:\/\/www.meine-ernte.de\/shop\/wp-content\/uploads\/Familie-Wriggers-Barsbuettel-1200x800.jpg 1200w, https:\/\/www.meine-ernte.de\/shop\/wp-content\/uploads\/Familie-Wriggers-Barsbuettel-600x400.jpg 600w, https:\/\/www.meine-ernte.de\/shop\/wp-content\/uploads\/Familie-Wriggers-Barsbuettel-768x512.jpg 768w, https:\/\/www.meine-ernte.de\/shop\/wp-content\/uploads\/Familie-Wriggers-Barsbuettel-1536x1024.jpg 1536w, https:\/\/www.meine-ernte.de\/shop\/wp-content\/uploads\/Familie-Wriggers-Barsbuettel-100x67.jpg 100w, https:\/\/www.meine-ernte.de\/shop\/wp-content\/uploads\/Familie-Wriggers-Barsbuettel-80x53.jpg 80w, https:\/\/www.meine-ernte.de\/shop\/wp-content\/uploads\/Familie-Wriggers-Barsbuettel.jpg 1920w\" sizes=\"(max-width: 1020px) 100vw, 1020px\" \/>\t\t\t\t\t\t\n\t\t\t\t\t<\/div>\n\t\t\t\t\t\t\t\t\n<style>\n#image_1890244799 {\n  width: 100%;\n}\n<\/style>\n\t<\/div>\n\t\n<p><span style=\"color: #ffffff; font-size: 95%;\">Milchhof Wriggers, Partner seit 2020<\/span><\/p>\n\t\t<\/div>\n\t\t\t\t\t<\/div>\n\n\t\n\n\t<div id=\"col-1973401358\" class=\"col medium-9 small-12 large-9\"  >\n\t\t\t\t<div class=\"col-inner\"  >\n\t\t\t\n\t\t\t\n<p><span style=\"color: #ffffff;\"><strong>Milchhof Wriggers<\/strong><\/span><\/p>\n<ul>\n<li><span style=\"color: #ffffff;\">Der Milchhof Wriggers vor den Toren Hamburgs wird in der 4. Generation gef\u00fchrt und legt gro\u00dfen Wert auf artgerechte Tierhaltung, z. B. verbringen die Milchk\u00fche den Sommer auf der Weide.<\/span><\/li>\n<li><span style=\"color: #ffffff;\">Margret und Karsten Wriggers leiten den Hof, w\u00e4hrend ihre Kinder Kai und Meike die Bereiche \u201eMietg\u00e4rten\u201c und \u201eHofladen\u201c verantworten.<\/span><\/li>\n<li><span style=\"color: #ffffff;\">Die enge Zusammenarbeit mit Nachbarh\u00f6fen st\u00e4rkt die Gemeinschaft, ob bei der Ernte oder der Nutzung von Maschinen.<\/span><\/li>\n<\/ul>\n<p><span style=\"color: #ffffff;\">\u201eIn unseren Gem\u00fcseg\u00e4rten kannst du frische Luft tanken, dich bewegen und gleichzeitig erleben, wie dein eigenes Gem\u00fcse w\u00e4chst.\u201c<\/span><\/p>\n<a href=\"#top\" class=\"button secondary expand\" style=\"border-radius:10px;\">\n\t\t<span>jetzt bei Familie Wriggers g\u00e4rtnern<\/span>\n\t<\/a>\n\n\t\t<\/div>\n\t\t\t\t\t<\/div>\n\n\t\n<\/div>\n\t\t<\/div>\n\n\t\t\n<style>\n#section_719712183 {\n  padding-top: 30px;\n  padding-bottom: 30px;\n  background-color: #204900;\n}\n<\/style>\n\t<\/section>\n\t\n\t<div id=\"gap-1069733333\" class=\"gap-element clearfix\" style=\"display:block; height:auto;\">\n\t\t\n<style>\n#gap-1069733333 {\n  padding-top: 30px;\n}\n<\/style>\n\t<\/div>\n\t\n<div class=\"container section-title-container\" ><h2 class=\"section-title section-title-center\"><b aria-hidden=\"true\"><\/b><span class=\"section-title-main\" >Hier befindet sich dein Mietgarten<\/span><b aria-hidden=\"true\"><\/b><\/h2><\/div>\n<div class=\"row\"  id=\"row-1261640697\">\n\n\t<div id=\"col-1922475798\" class=\"col medium-6 small-12 large-6\"  >\n\t\t\t\t<div class=\"col-inner\"  >\n\t\t\t\n\t\t\t\n<p><strong>Adresse vom Hof &amp; Gem\u00fcseg\u00e4rten:<\/strong><\/p>\n<p>Feldweg 23-19<br \/>\n22885 Barsb\u00fcttel<\/p>\n<p><strong>Wichtig: \u00dcber die K80 bitte direkt in den Feldweg fahren. Bitte keinesfalls \u00fcber die Wohnstra\u00dfe anfahren.<\/strong><\/p>\n<p>Milchhof Wriggers<br \/>\nAlte Dorfstra\u00dfe 7<br \/>\n22885 Barsb\u00fcttel<br \/>\nTel.:\u00a00176-72488800<\/p>\n<p>\u00d6ffnungszeiten Hofladen:<br \/>\nt\u00e4glich 17:00-18:00 Uhr, au\u00dfer feiertags<\/p>\n\t\t<\/div>\n\t\t\t\t\t<\/div>\n\n\t\n\n\t<div id=\"col-485912559\" class=\"col medium-6 small-12 large-6\"  >\n\t\t\t\t<div class=\"col-inner\"  >\n\t\t\t\n\t\t\t\n<div class=\"brlbs-cmpnt-container brlbs-cmpnt-content-blocker brlbs-cmpnt-with-individual-styles\" data-borlabs-cookie-content-blocker-id=\"default\" data-borlabs-cookie-content=\"PGlmcmFtZSBzdHlsZT0iYm9yZGVyOiAwOyIgc3JjPSJodHRwczovL3d3dy5nb29nbGUuY29tL21hcHMvZW1iZWQ\/cGI9ITFtMTghMW0xMiExbTMhMWQzMTUxLjk1MjIyODE3ODEyITJkOC43MDU5MDYxNzcwOTg3MiEzZDUwLjIwODI0NDc3MTU0NzA1ITJtMyExZjAhMmYwITNmMCEzbTIhMWkxMDI0ITJpNzY4ITRmMTMuMSEzbTMhMW0yITFzMHg0N2JkMDVkZTE1NDNlNDdmJTNBMHgxNWFjMjIyYzk2YzVjYWRjITJzbWVpbmUlMjBlcm50ZSUyMC0lMjBHZW0lQzMlQkNzZWclQzMlQTRydGVuJTIwenVtJTIwTWlldGVuITVlMSEzbTIhMXNkZSEyc2RlITR2MTc2NTc5OTEyNTcxNSE1bTIhMXNkZSEyc2RlIiB3aWR0aD0iNjAwIiBoZWlnaHQ9IjQ1MCIgYWxsb3dmdWxsc2NyZWVuPSJhbGxvd2Z1bGxzY3JlZW4iPjwvaWZyYW1lPg==\">\n<div class=\"brlbs-cmpnt-cb-preset-a\">\n<p class=\"brlbs-cmpnt-cb-description\">Sie sehen gerade einen Platzhalterinhalt von <strong>meine-ernte.de<\/strong>. Um auf den eigentlichen Inhalt zuzugreifen, klicken Sie auf den Button unten. Bitte beachten Sie, dass dabei Daten an Drittanbieter weitergegeben werden.<\/p>\n<div class=\"brlbs-cmpnt-cb-buttons\"> <a class=\"brlbs-cmpnt-cb-btn\" href=\"#\" data-borlabs-cookie-unblock role=\"button\">Inhalt entsperren<\/a> <a class=\"brlbs-cmpnt-cb-btn\" href=\"#\" data-borlabs-cookie-accept-service role=\"button\" style=\"display: none\">Erforderlichen Service akzeptieren und Inhalte entsperren<\/a> <\/div>\n<p> <a class=\"brlbs-cmpnt-cb-provider-toggle\" href=\"#\" data-borlabs-cookie-show-provider-information role=\"button\">Weitere Informationen<\/a> <\/div>\n<\/div>\n\t\t<\/div>\n\t\t\t\t\t<\/div>\n\n\t\n<\/div>\n<div class=\"row\"  id=\"row-1938379002\">\n\n\t<div id=\"col-1582191482\" class=\"col medium-6 small-12 large-6\"  >\n\t\t\t\t<div class=\"col-inner\"  >\n\t\t\t\n\t\t\t\n<div class=\"brlbs-cmpnt-container brlbs-cmpnt-content-blocker brlbs-cmpnt-with-individual-styles\" data-borlabs-cookie-content-blocker-id=\"youtube-content-blocker\" data-borlabs-cookie-content=\"PGlmcmFtZSBzdHlsZT0iZGlzcGxheTogYmxvY2s7IHdpZHRoOiAxMDAlOyBhc3BlY3QtcmF0aW86IDkgLyAxNjsgbWF4LXdpZHRoOiAzNjBweDsgbWFyZ2luOiAwIGF1dG87IiBzcmM9Imh0dHBzOi8vd3d3LnlvdXR1YmUtbm9jb29raWUuY29tL2VtYmVkL2c2M3ZvVXo0ZzlJIiBmcmFtZWJvcmRlcj0iMCIgYWxsb3dmdWxsc2NyZWVuPSJhbGxvd2Z1bGxzY3JlZW4iPg0KPC9pZnJhbWU+\">\n<div class=\"brlbs-cmpnt-cb-preset-c brlbs-cmpnt-cb-youtube\">\n<div class=\"brlbs-cmpnt-cb-thumbnail\" style=\"background-image: url('https:\/\/www.meine-ernte.de\/shop\/wp-content\/uploads\/borlabs-cookie\/1\/yt_g63voUz4g9I_hqdefault.jpg')\"><\/div>\n<div class=\"brlbs-cmpnt-cb-main\">\n<div class=\"brlbs-cmpnt-cb-play-button\"><\/div>\n<div class=\"brlbs-cmpnt-cb-content\">\n<p class=\"brlbs-cmpnt-cb-description\">Sie sehen gerade einen Platzhalterinhalt von <strong>YouTube<\/strong>. Um auf den eigentlichen Inhalt zuzugreifen, klicken Sie auf die Schaltfl\u00e4che unten. Bitte beachten Sie, dass dabei Daten an Drittanbieter weitergegeben werden.<\/p>\n<p> <a class=\"brlbs-cmpnt-cb-provider-toggle\" href=\"#\" data-borlabs-cookie-show-provider-information role=\"button\">Mehr Informationen<\/a> <\/div>\n<div class=\"brlbs-cmpnt-cb-buttons\"> <a class=\"brlbs-cmpnt-cb-btn\" href=\"#\" data-borlabs-cookie-unblock role=\"button\">Inhalt entsperren<\/a> <a class=\"brlbs-cmpnt-cb-btn\" href=\"#\" data-borlabs-cookie-accept-service role=\"button\" style=\"display: inherit\">Erforderlichen Service akzeptieren und Inhalte entsperren<\/a> <\/div>\n<\/p><\/div>\n<\/p><\/div>\n<\/div>\n\t\t<\/div>\n\t\t\t\t\t<\/div>\n\n\t\n\n\t<div id=\"col-1481196563\" class=\"col medium-6 small-12 large-6\"  >\n\t\t\t\t<div class=\"col-inner\"  >\n\t\t\t\n\t\t\t\n\t\t<\/div>\n\t\t\t\t\t<\/div>\n\n\t\n<\/div>\n<div class=\"row\"  id=\"row-1880518288\">\n\n\n\t<div id=\"col-1719077521\" class=\"col small-12 large-12\"  >\n\t\t\t\t<div class=\"col-inner text-center\"  >\n\t\t\t\n\t\t\t\n\n<a href=\"#top\" class=\"button primary is-xlarge hide-for-small\" style=\"border-radius:10px;\">\n\t\t<span>Komm in den Garten<\/span>\n\t<\/a>\n\n\n<a href=\"#top\" class=\"button primary is-large show-for-small\" style=\"border-radius:10px;\">\n\t\t<span>Komm in den Garten<\/span>\n\t<\/a>\n\n\n\n\t\t<\/div>\n\t\t\t\t\t<\/div>\n\n\t\n\n<\/div>\n<div class=\"row\"  id=\"row-1983505780\">\n\n\n\t<div id=\"col-1632965688\" class=\"col small-12 large-12\"  >\n\t\t\t\t<div class=\"col-inner\" style=\"background-color:rgb(32, 73, 0);\" >\n\t\t\t\n\t\t\t\n\n<div class=\"row\"  id=\"row-1236852795\">\n\n\n\t<div id=\"col-424317644\" class=\"col medium-3 small-12 large-3\"  >\n\t\t\t\t<div class=\"col-inner\"  >\n\t\t\t\n\t\t\t\n\n\t<div class=\"img has-hover x md-x lg-x y md-y lg-y\" id=\"image_1725306402\">\n\t\t\t\t\t\t\t\t<div class=\"img-inner dark\" >\n\t\t\t<img decoding=\"async\" width=\"800\" height=\"800\" src=\"https:\/\/www.meine-ernte.de\/shop\/wp-content\/uploads\/10-1-800x800.png\" class=\"attachment-large size-large\" alt=\"\" srcset=\"https:\/\/www.meine-ernte.de\/shop\/wp-content\/uploads\/10-1-800x800.png 800w, https:\/\/www.meine-ernte.de\/shop\/wp-content\/uploads\/10-1-400x400.png 400w, https:\/\/www.meine-ernte.de\/shop\/wp-content\/uploads\/10-1-280x280.png 280w, https:\/\/www.meine-ernte.de\/shop\/wp-content\/uploads\/10-1-768x768.png 768w, https:\/\/www.meine-ernte.de\/shop\/wp-content\/uploads\/10-1-300x300.png 300w, https:\/\/www.meine-ernte.de\/shop\/wp-content\/uploads\/10-1-600x600.png 600w, https:\/\/www.meine-ernte.de\/shop\/wp-content\/uploads\/10-1-100x100.png 100w, https:\/\/www.meine-ernte.de\/shop\/wp-content\/uploads\/10-1-80x80.png 80w, https:\/\/www.meine-ernte.de\/shop\/wp-content\/uploads\/10-1.png 1080w\" sizes=\"(max-width: 800px) 100vw, 800px\" \/>\t\t\t\t\t\t\n\t\t\t\t\t<\/div>\n\t\t\t\t\t\t\t\t\n<style>\n#image_1725306402 {\n  width: 100%;\n}\n<\/style>\n\t<\/div>\n\t\n\n\n\t\t<\/div>\n\t\t\t\t\n<style>\n#col-424317644 > .col-inner {\n  padding: 20px 10px 0px 20px;\n}\n<\/style>\n\t<\/div>\n\n\t\n\n\t<div id=\"col-1787108217\" class=\"col medium-8 small-12 large-8\"  >\n\t\t\t\t<div class=\"col-inner\"  >\n\t\t\t\n\t\t\t\n\n<p><span style=\"color: #ffffff;\"><strong>Der Mietgarten ist genau das Richtige f\u00fcr dich:<\/strong><\/span><\/p>\n<ul>\n<li><span style=\"color: #ffffff;\">\u00dcber 100.000 zufriedene G\u00e4rtner seit \u00fcber 15 Jahren<\/span><\/li>\n<li><span style=\"color: #ffffff;\">Spa\u00df an der frischen Luft f\u00fcr die ganze Familie<\/span><\/li>\n<li><span style=\"color: #ffffff;\">90 % der G\u00e4rtner ern\u00e4hren sich durch den Mietgarten ges\u00fcnder<\/span><\/li>\n<\/ul>\n<p><strong><span style=\"color: #ffffff;\">\"Wenn wir hier sind, ist es wie Urlaub\", \"Ka-Du-Li\" Garten, Dortmund<\/span><\/strong><\/p>\n\n\t\t<\/div>\n\t\t\t\t\n<style>\n#col-1787108217 > .col-inner {\n  padding: 20px 20px 0px 20px;\n}\n@media (min-width:550px) {\n  #col-1787108217 > .col-inner {\n    padding: 20px 0px 0px 0px;\n  }\n}\n<\/style>\n\t<\/div>\n\n\t\n\n<\/div>\n\n\t\t<\/div>\n\t\t\t\t\t<\/div>\n\n\t\n\n<\/div>\n<div class=\"row\"  id=\"row-1474103442\">\n\n\n\t<div id=\"col-531886915\" class=\"col small-12 large-12\"  >\n\t\t\t\t<div class=\"col-inner text-center\"  >\n\t\t\t\n\t\t\t\n\n<a href=\"#top\" class=\"button primary is-xlarge hide-for-small\" style=\"border-radius:10px;\">\n\t\t<span>Komm in den Garten<\/span>\n\t<\/a>\n\n\n<a href=\"#top\" class=\"button primary is-large show-for-small\" style=\"border-radius:10px;\">\n\t\t<span>Komm in den Garten<\/span>\n\t<\/a>\n\n\n\n\t\t<\/div>\n\t\t\t\t\t<\/div>\n\n\t\n\n<\/div>\n\t<div id=\"gap-169867432\" class=\"gap-element clearfix\" style=\"display:block; height:auto;\">\n\t\t\n<style>\n#gap-169867432 {\n  padding-top: 30px;\n}\n<\/style>\n\t<\/div>\n\t\n<div class=\"row\"  id=\"row-1038900736\">\n\n\n\t<div id=\"col-506991918\" class=\"col medium-4 small-12 large-4\"  >\n\t\t\t\t<div class=\"col-inner\"  >\n\t\t\t\n\t\t\t\n\n\t<div class=\"img has-hover x md-x lg-x y md-y lg-y\" id=\"image_135314913\">\n\t\t\t\t\t\t\t\t<div class=\"img-inner dark\" >\n\t\t\t<img decoding=\"async\" width=\"767\" height=\"400\" src=\"https:\/\/www.meine-ernte.de\/shop\/wp-content\/uploads\/Kundenteam-Footer-1-566x300-1-767x400.png\" class=\"attachment-medium size-medium\" alt=\"\" srcset=\"https:\/\/www.meine-ernte.de\/shop\/wp-content\/uploads\/Kundenteam-Footer-1-566x300-1-767x400.png 767w, https:\/\/www.meine-ernte.de\/shop\/wp-content\/uploads\/Kundenteam-Footer-1-566x300-1-768x401.png 768w, https:\/\/www.meine-ernte.de\/shop\/wp-content\/uploads\/Kundenteam-Footer-1-566x300-1-600x313.png 600w, https:\/\/www.meine-ernte.de\/shop\/wp-content\/uploads\/Kundenteam-Footer-1-566x300-1-100x52.png 100w, https:\/\/www.meine-ernte.de\/shop\/wp-content\/uploads\/Kundenteam-Footer-1-566x300-1-80x42.png 80w, https:\/\/www.meine-ernte.de\/shop\/wp-content\/uploads\/Kundenteam-Footer-1-566x300-1.png 1179w\" sizes=\"(max-width: 767px) 100vw, 767px\" \/>\t\t\t\t\t\t\n\t\t\t\t\t<\/div>\n\t\t\t\t\t\t\t\t\n<style>\n#image_135314913 {\n  width: 100%;\n}\n<\/style>\n\t<\/div>\n\t\n\n\n\t\t<\/div>\n\t\t\t\t\t<\/div>\n\n\t\n\n\t<div id=\"col-7369365\" class=\"col medium-8 small-12 large-8\"  >\n\t\t\t\t<div class=\"col-inner\"  >\n\t\t\t\n\t\t\t\n\n<h3>Du hast noch Fragen?<\/h3>\n<p><i class=\"fa\"><\/i>Antworten auf alle wichtigen Fragen\u00a0zu den Mietg\u00e4rten findest du in unseren\u00a0<a class=\"internal-link\" title=\"Alle Antworten auf deine Fragen\" href=\"https:\/\/www.meine-ernte.de\/shop\/mietgaerten-faq\/\" target=\"_blank\" rel=\"noopener\"><i class=\"fa\"><\/i>FAQs<\/a>.<\/p>\n<p>Au\u00dferdem sind wir Mo-Fr 9:00 \u2013 14:00 Uhr f\u00fcr dich telefonisch erreichbar unter: <a title=\"Telefonnummer\" href=\"tel:022828617119\">0228 28617119<\/a>.<\/p>\n\n\t\t<\/div>\n\t\t\t\t\t<\/div>\n\n\t\n\n<\/div>\n<div class=\"row\"  id=\"row-1549677475\">\n\n\t<div id=\"col-1398258099\" class=\"col hide-for-small medium-4 small-12 large-4\"  >\n\t\t\t\t<div class=\"col-inner\"  >\n\t\t\t\n\t\t\t\n\t\t<\/div>\n\t\t\t\t\t<\/div>\n\n\t\n\n\t<div id=\"col-620726101\" class=\"col medium-5 small-12 large-5\"  >\n\t\t\t\t<div class=\"col-inner\"  >\n\t\t\t\n\t\t\t\n<a href=\"https:\/\/www.meine-ernte.de\/shop\/mietgaerten-faq\/\" target=\"_blank\" class=\"button primary\" rel=\"noopener\" style=\"border-radius:9px;\">\n\t\t<span>Noch fragen - hier gehts zum FAq<\/span>\n\t<\/a>\n\n\t\t<\/div>\n\t\t\t\t\t<\/div>\n\n\t\n\n\t<div id=\"col-2123881923\" class=\"col hide-for-small medium-3 small-12 large-3\"  >\n\t\t\t\t<div class=\"col-inner\"  >\n\t\t\t\n\t\t\t\n\t\t<\/div>\n\t\t\t\t\t<\/div>\n\n\t\n<\/div>\n\t<div id=\"text-1031602137\" class=\"text hidden\">\n\t\t\n\n\n\t\t\t<\/div>\n\t\n<div class=\"row\"  id=\"row-650824228\">\n\n\n<div class=\"row\"  id=\"row-599648042\">\n\n\n<\/div>\n\n\t<div id=\"col-1401630315\" class=\"col medium-6 small-12 large-6\"  >\n\t\t\t\t<div class=\"col-inner\"  >\n\t\t\t\n\t\t\t\n\n<h2>Unser Top-Tipp: Kulturschutznetz<\/h2>\n\t<div class=\"img has-hover x md-x lg-x y md-y lg-y\" id=\"image_1788878916\">\n\t\t\t\t\t\t\t\t<div class=\"img-inner dark\" >\n\t\t\t<img decoding=\"async\" width=\"637\" height=\"300\" src=\"https:\/\/www.meine-ernte.de\/shop\/wp-content\/uploads\/Wachstum-mit-Kulturschutznetz-3-web.png\" class=\"attachment-large size-large\" alt=\"Wachstum mit Kulturschutznetz\" srcset=\"https:\/\/www.meine-ernte.de\/shop\/wp-content\/uploads\/Wachstum-mit-Kulturschutznetz-3-web.png 637w, https:\/\/www.meine-ernte.de\/shop\/wp-content\/uploads\/Wachstum-mit-Kulturschutznetz-3-web-600x283.png 600w, https:\/\/www.meine-ernte.de\/shop\/wp-content\/uploads\/Wachstum-mit-Kulturschutznetz-3-web-100x47.png 100w\" sizes=\"(max-width: 637px) 100vw, 637px\" \/>\t\t\t\t\t\t\n\t\t\t\t\t<\/div>\n\t\t\t\t\t\t\t\t\n<style>\n#image_1788878916 {\n  width: 100%;\n}\n<\/style>\n\t<\/div>\n\t\n\n\n\t\t<\/div>\n\t\t\t\t\t<\/div>\n\n\t\n\n\t<div id=\"col-247397131\" class=\"col medium-6 small-12 large-6\"  >\n\t\t\t\t<div class=\"col-inner\"  >\n\t\t\t\n\t\t\t\n\n\t<div id=\"gap-308405096\" class=\"gap-element clearfix hide-for-small\" style=\"display:block; height:auto;\">\n\t\t\n<style>\n#gap-308405096 {\n  padding-top: 50px;\n}\n<\/style>\n\t<\/div>\n\t\n\n<ul>\n<li>Sch\u00fctzt Jungpflanzen und Saatgut vor Fra\u00dffeinden und vor starken Unwettereinfl\u00fcssen<\/li>\n<li>Ist wasser-, licht- und luftdurchl\u00e4ssig<\/li>\n<li>Bildet eine Mikroklima f\u00fcr ein besseres Pflanzenwachstum<\/li>\n<li>Passt mit 2,80 Metern Breite perfekt auf deinen Gem\u00fcsegarten<\/li>\n<li>Flexibel einsetzbar und langlebig und robust<\/li>\n<\/ul>\n\n\t\t<\/div>\n\t\t\t\t\t<\/div>\n\n\t\n\n<\/div>\n<div class=\"container section-title-container\" ><h3 class=\"section-title section-title-normal\"><b aria-hidden=\"true\"><\/b><span class=\"section-title-main\" >WEITERE STANDORTE IN DER UMGEBUNG<\/span><b aria-hidden=\"true\"><\/b><\/h3><\/div>\n\t\n  \n    <div class=\"row large-columns-4 medium-columns-3 small-columns-2 row-small slider row-slider slider-nav-reveal slider-nav-push\"  data-flickity-options='{&quot;imagesLoaded&quot;: true, &quot;groupCells&quot;: &quot;100%&quot;, &quot;dragThreshold&quot; : 5, &quot;cellAlign&quot;: &quot;left&quot;,&quot;wrapAround&quot;: true,&quot;prevNextButtons&quot;: true,&quot;percentPosition&quot;: true,&quot;pageDots&quot;: false, &quot;rightToLeft&quot;: false, &quot;autoPlay&quot; : false}' >\n\n  \n\t     <div class=\"col\" >\n\t\t\t\t\t\t<div class=\"col-inner\">\n\t\t\t\t\t\t\n<div class=\"badge-container absolute left top z-1\">\n\n<\/div>\n\t\t\t\t\t\t<div class=\"product-small box has-hover box-normal box-text-bottom\">\n\t\t\t\t\t\t\t<div class=\"box-image\" >\n\t\t\t\t\t\t\t\t<div class=\"\" >\n\t\t\t\t\t\t\t\t\t<a href=\"https:\/\/www.meine-ernte.de\/shop\/gemuesegarten-mieten-in-hamburg-norderstedt\/\" aria-label=\"Gem\u00fcsegarten mieten in Hamburg \/ Norderstedt\">\n\t\t\t\t\t\t\t\t\t\t<img decoding=\"async\" width=\"300\" height=\"300\" src=\"https:\/\/www.meine-ernte.de\/shop\/wp-content\/uploads\/Garten-mieten-Hamburg-Norderstedt-meine-ernte-4-300x300.jpg\" class=\"show-on-hover absolute fill hide-for-small back-image\" alt=\"Alternative view of Gem\u00fcsegarten mieten in Hamburg \/ Norderstedt\" aria-hidden=\"true\" srcset=\"https:\/\/www.meine-ernte.de\/shop\/wp-content\/uploads\/Garten-mieten-Hamburg-Norderstedt-meine-ernte-4-300x300.jpg 300w, https:\/\/www.meine-ernte.de\/shop\/wp-content\/uploads\/Garten-mieten-Hamburg-Norderstedt-meine-ernte-4-280x280.jpg 280w, https:\/\/www.meine-ernte.de\/shop\/wp-content\/uploads\/Garten-mieten-Hamburg-Norderstedt-meine-ernte-4-100x100.jpg 100w\" sizes=\"(max-width: 300px) 100vw, 300px\" \/><img decoding=\"async\" width=\"300\" height=\"300\" src=\"https:\/\/www.meine-ernte.de\/shop\/wp-content\/uploads\/WhatsApp-Bild-2025-06-27-um-12.27.22_6f98c195-300x300.jpg\" class=\"attachment-woocommerce_thumbnail size-woocommerce_thumbnail\" alt=\"Gem\u00fcsegarten mieten in Hamburg \/ Norderstedt\" srcset=\"https:\/\/www.meine-ernte.de\/shop\/wp-content\/uploads\/WhatsApp-Bild-2025-06-27-um-12.27.22_6f98c195-300x300.jpg 300w, https:\/\/www.meine-ernte.de\/shop\/wp-content\/uploads\/WhatsApp-Bild-2025-06-27-um-12.27.22_6f98c195-280x280.jpg 280w, https:\/\/www.meine-ernte.de\/shop\/wp-content\/uploads\/WhatsApp-Bild-2025-06-27-um-12.27.22_6f98c195-100x100.jpg 100w\" sizes=\"(max-width: 300px) 100vw, 300px\" \/>\t\t\t\t\t\t\t\t\t<\/a>\n\t\t\t\t\t\t\t\t\t\t\t\t\t\t\t\t\t\t \t\t\t\t\t\t\t\t<\/div>\n\t\t\t\t\t\t\t\t<div class=\"image-tools top right show-on-hover\">\n\t\t\t\t\t\t\t\t\t\t\t\t\t\t\t\t\t<\/div>\n\t\t\t\t\t\t\t\t\t\t\t\t\t\t\t\t\t<div class=\"image-tools grid-tools text-center hide-for-small bottom hover-slide-in show-on-hover\">\n\t\t\t\t\t\t\t\t\t\t<a href=\"#quick-view\" class=\"quick-view\" role=\"button\" data-prod=\"27876\" aria-haspopup=\"dialog\" aria-expanded=\"false\" data-flatsome-role-button>Schnellansicht<\/a>\t\t\t\t\t\t\t\t\t<\/div>\n\t\t\t\t\t\t\t\t\t\t\t\t\t\t\t\t\t\t\t\t\t\t\t<\/div>\n\n\t\t\t\t\t\t\t<div class=\"box-text text-center\" >\n\t\t\t\t\t\t\t\t<div class=\"title-wrapper\"><p class=\"name product-title woocommerce-loop-product__title\"><a href=\"https:\/\/www.meine-ernte.de\/shop\/gemuesegarten-mieten-in-hamburg-norderstedt\/\" class=\"woocommerce-LoopProduct-link woocommerce-loop-product__link\">Gem\u00fcsegarten mieten in Hamburg \/ Norderstedt<\/a><\/p><\/div><div class=\"price-wrapper\">\n\t<span class=\"price\"><span class=\"woocommerce-Price-amount amount\"><bdi>159,00&nbsp;<span class=\"woocommerce-Price-currencySymbol\">&euro;<\/span><\/bdi><\/span> &ndash; <span class=\"woocommerce-Price-amount amount\"><bdi>479,00&nbsp;<span class=\"woocommerce-Price-currencySymbol\">&euro;<\/span><\/bdi><\/span><\/span>\n\n\n<\/div>\t\t\t\t\t\t\t<\/div>\n\t\t\t\t\t\t<\/div>\n\t\t\t\t\t\t<\/div>\n\t\t\t\t\t<\/div><div class=\"col\" >\n\t\t\t\t\t\t<div class=\"col-inner\">\n\t\t\t\t\t\t\n<div class=\"badge-container absolute left top z-1\">\n\n<\/div>\n\t\t\t\t\t\t<div class=\"product-small box has-hover box-normal box-text-bottom\">\n\t\t\t\t\t\t\t<div class=\"box-image\" >\n\t\t\t\t\t\t\t\t<div class=\"\" >\n\t\t\t\t\t\t\t\t\t<a href=\"https:\/\/www.meine-ernte.de\/shop\/gemuesegarten-mieten-in-kiel\/\" aria-label=\"Bio-Gem\u00fcsegarten mieten in Kiel\">\n\t\t\t\t\t\t\t\t\t\t<img decoding=\"async\" width=\"300\" height=\"300\" src=\"https:\/\/www.meine-ernte.de\/shop\/wp-content\/uploads\/Standortbesuch-Kiel-2025-13-300x300.jpeg\" class=\"show-on-hover absolute fill hide-for-small back-image\" alt=\"Alternative view of Bio-Gem\u00fcsegarten mieten in Kiel\" aria-hidden=\"true\" srcset=\"https:\/\/www.meine-ernte.de\/shop\/wp-content\/uploads\/Standortbesuch-Kiel-2025-13-300x300.jpeg 300w, https:\/\/www.meine-ernte.de\/shop\/wp-content\/uploads\/Standortbesuch-Kiel-2025-13-280x280.jpeg 280w, https:\/\/www.meine-ernte.de\/shop\/wp-content\/uploads\/Standortbesuch-Kiel-2025-13-100x100.jpeg 100w\" sizes=\"(max-width: 300px) 100vw, 300px\" \/><img decoding=\"async\" width=\"300\" height=\"300\" src=\"https:\/\/www.meine-ernte.de\/shop\/wp-content\/uploads\/Standortbesuch-Kiel-2025-1-300x300.jpg\" class=\"attachment-woocommerce_thumbnail size-woocommerce_thumbnail\" alt=\"Bio-Gem\u00fcsegarten mieten in Kiel\" srcset=\"https:\/\/www.meine-ernte.de\/shop\/wp-content\/uploads\/Standortbesuch-Kiel-2025-1-300x300.jpg 300w, https:\/\/www.meine-ernte.de\/shop\/wp-content\/uploads\/Standortbesuch-Kiel-2025-1-280x280.jpg 280w, https:\/\/www.meine-ernte.de\/shop\/wp-content\/uploads\/Standortbesuch-Kiel-2025-1-100x100.jpg 100w\" sizes=\"(max-width: 300px) 100vw, 300px\" \/>\t\t\t\t\t\t\t\t\t<\/a>\n\t\t\t\t\t\t\t\t\t\t\t\t\t\t\t\t\t\t \t\t\t\t\t\t\t\t<\/div>\n\t\t\t\t\t\t\t\t<div class=\"image-tools top right show-on-hover\">\n\t\t\t\t\t\t\t\t\t\t\t\t\t\t\t\t\t<\/div>\n\t\t\t\t\t\t\t\t\t\t\t\t\t\t\t\t\t<div class=\"image-tools grid-tools text-center hide-for-small bottom hover-slide-in show-on-hover\">\n\t\t\t\t\t\t\t\t\t\t<a href=\"#quick-view\" class=\"quick-view\" role=\"button\" data-prod=\"117094\" aria-haspopup=\"dialog\" aria-expanded=\"false\" data-flatsome-role-button>Schnellansicht<\/a>\t\t\t\t\t\t\t\t\t<\/div>\n\t\t\t\t\t\t\t\t\t\t\t\t\t\t\t\t\t\t\t\t\t\t\t<\/div>\n\n\t\t\t\t\t\t\t<div class=\"box-text text-center\" >\n\t\t\t\t\t\t\t\t<div class=\"title-wrapper\"><p class=\"name product-title woocommerce-loop-product__title\"><a href=\"https:\/\/www.meine-ernte.de\/shop\/gemuesegarten-mieten-in-kiel\/\" class=\"woocommerce-LoopProduct-link woocommerce-loop-product__link\">Bio-Gem\u00fcsegarten mieten in Kiel<\/a><\/p><\/div><div class=\"price-wrapper\">\n\t<span class=\"price\"><span class=\"woocommerce-Price-amount amount\"><bdi>259,00&nbsp;<span class=\"woocommerce-Price-currencySymbol\">&euro;<\/span><\/bdi><\/span> &ndash; <span class=\"woocommerce-Price-amount amount\"><bdi>479,00&nbsp;<span class=\"woocommerce-Price-currencySymbol\">&euro;<\/span><\/bdi><\/span><\/span>\n\n\n<\/div>\t\t\t\t\t\t\t<\/div>\n\t\t\t\t\t\t<\/div>\n\t\t\t\t\t\t<\/div>\n\t\t\t\t\t<\/div><\/div>\n","protected":false},"excerpt":{"rendered":"<ul>\n<li><span data-teams=\"true\">Saison: Mai bis Oktober 2026<\/span><\/li>\n<li>Dein eigener Gem\u00fcsegarten \u2013 professionell vorbereitet<\/li>\n<li>Anf\u00e4ngerfreundliches Konzept inkl. Wasser und Ger\u00e4te<\/li>\n<li>K\u00f6rbeweise frisches Gem\u00fcse ernten \u2013 \u00fcber 20 verschiedene Sorten<\/li>\n<li>Expertentipps \u00fcber die gesamte Saison<\/li>\n<li>Natur erleben und vom Alltag abschalten<\/li>\n<\/ul>\n\n","protected":false},"featured_media":122118,"comment_status":"open","ping_status":"closed","template":"","meta":{"_acf_changed":false},"product_brand":[],"product_cat":[327],"product_tag":[665],"class_list":{"0":"post-36889","1":"product","2":"type-product","3":"status-publish","4":"has-post-thumbnail","6":"product_cat-mietgaerten","7":"product_tag-mindestbestellwert","8":"product_shipping_class-versand-durch-meine-ernte-versandkostenfrei","9":"pa_gardentype-familiengarten","10":"pa_gardentype-kleinergarten","11":"pa_gardentype-mini-gemuesegarten-ca-20-qm","13":"first","14":"outofstock","15":"sold-individually","16":"taxable","17":"shipping-taxable","18":"purchasable","19":"product-type-variable_garden"},"acf":[],"tiered_pricing_type":"fixed","tiered_pricing_fixed_rules":[],"tiered_pricing_product_settings":{"layout":"default","base_unit_name":{"singular":null,"plural":null},"default_variation":null},"tiered_pricing_minimum_quantity":null,"tiered_pricing_roles_data":[],"tiered_pricing_percentage_rules":[],"_links":{"self":[{"href":"https:\/\/www.meine-ernte.de\/shop\/wp-json\/wp\/v2\/product\/36889","targetHints":{"allow":["GET"]}}],"collection":[{"href":"https:\/\/www.meine-ernte.de\/shop\/wp-json\/wp\/v2\/product"}],"about":[{"href":"https:\/\/www.meine-ernte.de\/shop\/wp-json\/wp\/v2\/types\/product"}],"replies":[{"embeddable":true,"href":"https:\/\/www.meine-ernte.de\/shop\/wp-json\/wp\/v2\/comments?post=36889"}],"wp:featuredmedia":[{"embeddable":true,"href":"https:\/\/www.meine-ernte.de\/shop\/wp-json\/wp\/v2\/media\/122118"}],"wp:attachment":[{"href":"https:\/\/www.meine-ernte.de\/shop\/wp-json\/wp\/v2\/media?parent=36889"}],"wp:term":[{"taxonomy":"product_brand","embeddable":true,"href":"https:\/\/www.meine-ernte.de\/shop\/wp-json\/wp\/v2\/product_brand?post=36889"},{"taxonomy":"product_cat","embeddable":true,"href":"https:\/\/www.meine-ernte.de\/shop\/wp-json\/wp\/v2\/product_cat?post=36889"},{"taxonomy":"product_tag","embeddable":true,"href":"https:\/\/www.meine-ernte.de\/shop\/wp-json\/wp\/v2\/product_tag?post=36889"}],"curies":[{"name":"wp","href":"https:\/\/api.w.org\/{rel}","templated":true}]}}