{"id":111000,"date":"2024-03-13T15:41:41","date_gmt":"2024-03-13T14:41:41","guid":{"rendered":"https:\/\/www.meine-ernte.de\/shop\/?post_type=product&#038;p=111000"},"modified":"2026-04-28T12:39:44","modified_gmt":"2026-04-28T10:39:44","slug":"jungpflanzen-bio-10er-set-herbstgemuese-ii","status":"publish","type":"product","link":"https:\/\/www.meine-ernte.de\/shop\/jungpflanzen-bio-10er-set-herbstgemuese-ii\/","title":{"rendered":"Bio-10er-Set Herbstgem\u00fcse II"},"content":{"rendered":"<p>Mit dem Jungpflanzen-Set \u201eHerbstgem\u00fcse II\u201c sicherst du dir eine reiche und vielf\u00e4ltige Ernte f\u00fcr die k\u00fchle Jahreszeit! Lauch \u00fcberzeugt mit seinen langen, wei\u00dfen Schaftteilen und dem mild-w\u00fcrzigen Aroma \u2013 ideal f\u00fcr Suppen, Quiches oder Gem\u00fcsepfannen. Knollensellerie bildet kr\u00e4ftige, aromatische Knollen, die perfekt in Suppen, P\u00fcrees oder als Sellerieschnitzel schmecken. Rote Bete bringt mit ihrem s\u00fc\u00dflich-erdigen Geschmack und der tiefroten Farbe nicht nur Abwechslung in deine K\u00fcche, sondern ist auch besonders gesund. Pak Choi begeistert mit seinen zarten, hellen Blattrippen und mildem Aroma \u2013 ideal f\u00fcr Wok-Gerichte oder Salate. Wirsing \u201eFamosa\u201c punktet mit seinen gekr\u00e4uselten, dunkelgr\u00fcnen Bl\u00e4ttern und ist vielseitig verwendbar, ob ged\u00fcnstet, als Beilage oder als Chips. Dieses Set bietet dir eine vitaminreiche Herbsternte direkt aus deinem Garten!<\/p>\n<h2>Im Set sind folgende Kulturen enthalten:<\/h2>\n<p><strong>Dieses Set enth\u00e4lt zwei Jungpflanze pro Kultur, insgesamt 10 Pflanzen.<\/strong><\/p>\n<div class=\"row\"  id=\"row-1663459429\">\n\n\t<div id=\"col-1169239436\" class=\"col medium-4 small-12 large-4\"  >\n\t\t\t\t<div class=\"col-inner\"  >\n\t\t\t\n\t\t\t\n<h3><strong>2x Bio Wirsing \u201eFamosa\u201c<br \/>\n3,8 cm Erdpresstopf<\/strong><\/h3>\n<p>Die Wirsingsorte \u201eFamosa\u201c besticht durch ihre kr\u00e4ftig ge\u00e4derten, dunkelgr\u00fcnen Bl\u00e4tter und einen kompakten, lockeren Kopf, der 1\u20132 kg wiegt. Ihre Bl\u00e4tter sind attraktiv gekr\u00e4uselt und vielseitig einsetzbar. Wirsing l\u00e4sst sich das ganze Jahr \u00fcber anbauen und ist in der K\u00fcche besonders vielf\u00e4ltig.<\/p>\n\t\t<\/div>\n\t\t\t\t\t<\/div>\n\n\t\n\n\t<div id=\"col-646738671\" class=\"col medium-4 small-12 large-4\"  >\n\t\t\t\t<div class=\"col-inner\"  >\n\t\t\t\n\t\t\t\n\n  <div class=\"banner has-hover\" id=\"banner-1742144097\">\n          <div class=\"banner-inner fill\">\n        <div class=\"banner-bg fill\" >\n                                                \n                    <\/div>\n\t\t\n        <div class=\"banner-layers container\">\n            <div class=\"fill banner-link\"><\/div>            \n   <div id=\"text-box-1555410400\" class=\"text-box banner-layer x50 md-x50 lg-x50 y50 md-y50 lg-y50 res-text\">\n                                <div class=\"text-box-content text dark\">\n              \n              <div class=\"text-inner text-center\">\n                  \n\t<div id=\"text-109498481\" class=\"text\">\n\t\t\n<p><strong>Farbe<\/strong>: gr\u00fcn<\/p>\n<p><strong>Standort<\/strong>: sonnig\/halbschattig<\/p>\n<p><strong>Lebensdauer<\/strong>: einj\u00e4hrig<\/p>\n<p><strong>Pflanzzeit<\/strong>: Mitte M\u00e4rz-Juli<\/p>\n<p><strong>Erntezeit<\/strong>: Juli-November<\/p>\n<p><strong>Pflanzabstand<\/strong>: 50-60 cm<\/p>\n<p><strong>Wuchsh\u00f6he\/-l\u00e4nge<\/strong>: 20-30 cm<\/p>\n<p><strong>Verpackung:<\/strong> 3,8 x 3,8-cm-Erdpresstopf<\/p>\n<div><\/div>\n\t\t\n<style>\n#text-109498481 {\n  font-size: 1rem;\n  line-height: 1;\n  text-align: left;\n}\n<\/style>\n\t<\/div>\n\t\n              <\/div>\n           <\/div>\n                            \n<style>\n#text-box-1555410400 {\n  width: 84%;\n}\n#text-box-1555410400 .text-box-content {\n  font-size: 100%;\n}\n<\/style>\n    <\/div>\n \n        <\/div>\n      <\/div>\n\n            \n<style>\n#banner-1742144097 {\n  padding-top: 300px;\n}\n<\/style>\n  <\/div>\n\n\n\t\t<\/div>\n\t\t\t\t\t<\/div>\n\n\t\n\n\t<div id=\"col-1322495977\" class=\"col medium-4 small-12 large-4\"  >\n\t\t\t\t<div class=\"col-inner\"  >\n\t\t\t\n\t\t\t\n\t<div class=\"img has-hover x md-x lg-x y md-y lg-y\" id=\"image_45455791\">\n\t\t\t\t\t\t\t\t<div class=\"img-inner image-cover dark\" style=\"padding-top:100%;\">\n\t\t\t<img decoding=\"async\" width=\"590\" height=\"590\" src=\"https:\/\/www.meine-ernte.de\/shop\/wp-content\/uploads\/Wirsing-Famosa.jpg\" class=\"attachment-large size-large\" alt=\"\" srcset=\"https:\/\/www.meine-ernte.de\/shop\/wp-content\/uploads\/Wirsing-Famosa.jpg 590w, https:\/\/www.meine-ernte.de\/shop\/wp-content\/uploads\/Wirsing-Famosa-400x400.jpg 400w, https:\/\/www.meine-ernte.de\/shop\/wp-content\/uploads\/Wirsing-Famosa-280x280.jpg 280w, https:\/\/www.meine-ernte.de\/shop\/wp-content\/uploads\/Wirsing-Famosa-300x300.jpg 300w, https:\/\/www.meine-ernte.de\/shop\/wp-content\/uploads\/Wirsing-Famosa-100x100.jpg 100w, https:\/\/www.meine-ernte.de\/shop\/wp-content\/uploads\/Wirsing-Famosa-80x80.jpg 80w\" sizes=\"(max-width: 590px) 100vw, 590px\" \/>\t\t\t\t\t\t\n\t\t\t\t\t<\/div>\n\t\t\t\t\t\t\t\t\n<style>\n#image_45455791 {\n  width: 83%;\n}\n<\/style>\n\t<\/div>\n\t\n\t\t<\/div>\n\t\t\t\t\t<\/div>\n\n\t\n<\/div>\n<div class=\"row\"  id=\"row-105724740\">\n\n\t<div id=\"col-818295592\" class=\"col medium-4 small-12 large-4\"  >\n\t\t\t\t<div class=\"col-inner\"  >\n\t\t\t\n\t\t\t\n<h3><strong>2x Bio Rote Bete \u201eBoro\u201c<br \/>\n3,8 cm Erdpresstopf<\/strong><\/h3>\n<p>Wegen ihrer sch\u00f6nen Form, der Glattschaligkeit und der schnellen Entwicklungszeit ist unsere Rote Bete sowohl beim Profi als auch bei der Hobbyg\u00e4rtnerin gleicherma\u00dfen beliebt. \u00dcberdies l\u00e4sst sie sich gut lagern. \u00dcbrigens: Das aufrechte Laub dieser Roten Bete kann \u00e4hnlich wie Mangold in der Pfanne zubereitet oder auch roh im Salat gegessen werden.<\/p>\n\t\t<\/div>\n\t\t\t\t\t<\/div>\n\n\t\n\n\t<div id=\"col-979365014\" class=\"col medium-4 small-12 large-4\"  >\n\t\t\t\t<div class=\"col-inner\"  >\n\t\t\t\n\t\t\t\n\n  <div class=\"banner has-hover\" id=\"banner-654620839\">\n          <div class=\"banner-inner fill\">\n        <div class=\"banner-bg fill\" >\n                                                \n                    <\/div>\n\t\t\n        <div class=\"banner-layers container\">\n            <div class=\"fill banner-link\"><\/div>            \n   <div id=\"text-box-272090761\" class=\"text-box banner-layer x50 md-x50 lg-x50 y50 md-y50 lg-y50 res-text\">\n                                <div class=\"text-box-content text dark\">\n              \n              <div class=\"text-inner text-center\">\n                  \n\t<div id=\"text-2431478292\" class=\"text\">\n\t\t\n<p><strong>Farbe<\/strong>: gr\u00fcn, rot<\/p>\n<p><strong>Standort<\/strong>: sonnig\/halbschattig<\/p>\n<p><strong>Lebensdauer<\/strong>: einj\u00e4hrig<\/p>\n<p><strong>Pflanzzeit<\/strong>: Mitte M\u00e4rz-Juli<\/p>\n<p><strong>Erntezeit<\/strong>: Juni-Oktober<\/p>\n<p><strong>Pflanzabstand<\/strong>: 20-25 cm<\/p>\n<p><strong>Wuchsh\u00f6he\/-l\u00e4nge<\/strong>: 20-30 cm<\/p>\n<p><strong>Verpackung:<\/strong> 3,8 x 3,8-cm-Erdpresstopf<\/p>\n<div><\/div>\n\t\t\n<style>\n#text-2431478292 {\n  font-size: 1rem;\n  line-height: 1;\n  text-align: left;\n}\n<\/style>\n\t<\/div>\n\t\n              <\/div>\n           <\/div>\n                            \n<style>\n#text-box-272090761 {\n  width: 84%;\n}\n#text-box-272090761 .text-box-content {\n  font-size: 100%;\n}\n<\/style>\n    <\/div>\n \n        <\/div>\n      <\/div>\n\n            \n<style>\n#banner-654620839 {\n  padding-top: 330px;\n}\n<\/style>\n  <\/div>\n\n\n\t\t<\/div>\n\t\t\t\t\t<\/div>\n\n\t\n\n\t<div id=\"col-90425628\" class=\"col medium-4 small-12 large-4\"  >\n\t\t\t\t<div class=\"col-inner\"  >\n\t\t\t\n\t\t\t\n\t<div class=\"img has-hover x md-x lg-x y md-y lg-y\" id=\"image_123200459\">\n\t\t\t\t\t\t\t\t<div class=\"img-inner image-cover dark\" style=\"padding-top:100%;\">\n\t\t\t<img decoding=\"async\" width=\"590\" height=\"590\" src=\"https:\/\/www.meine-ernte.de\/shop\/wp-content\/uploads\/Rote-Bete-Boro-1.jpg\" class=\"attachment-large size-large\" alt=\"\" srcset=\"https:\/\/www.meine-ernte.de\/shop\/wp-content\/uploads\/Rote-Bete-Boro-1.jpg 590w, https:\/\/www.meine-ernte.de\/shop\/wp-content\/uploads\/Rote-Bete-Boro-1-400x400.jpg 400w, https:\/\/www.meine-ernte.de\/shop\/wp-content\/uploads\/Rote-Bete-Boro-1-280x280.jpg 280w, https:\/\/www.meine-ernte.de\/shop\/wp-content\/uploads\/Rote-Bete-Boro-1-300x300.jpg 300w, https:\/\/www.meine-ernte.de\/shop\/wp-content\/uploads\/Rote-Bete-Boro-1-100x100.jpg 100w, https:\/\/www.meine-ernte.de\/shop\/wp-content\/uploads\/Rote-Bete-Boro-1-80x80.jpg 80w\" sizes=\"(max-width: 590px) 100vw, 590px\" \/>\t\t\t\t\t\t\n\t\t\t\t\t<\/div>\n\t\t\t\t\t\t\t\t\n<style>\n#image_123200459 {\n  width: 83%;\n}\n<\/style>\n\t<\/div>\n\t\n\t\t<\/div>\n\t\t\t\t\t<\/div>\n\n\t\n<\/div>\n<div class=\"row\"  id=\"row-1486839819\">\n\n\t<div id=\"col-1643993616\" class=\"col medium-4 small-12 large-4\"  >\n\t\t\t\t<div class=\"col-inner\"  >\n\t\t\t\n\t\t\t\n<h3>2x Bio Sellerie \u201ePresident\u201c<br \/>\n3,8 cm Erdpresstopf<\/h3>\n<p>Der Sellerie President ist leicht zu kultivieren und bildet runde, glatte Knollen mit wei\u00dfem Fleisch. Das Laub ist aufrecht und dunkelgr\u00fcn, der Sellerie ist leicht zu ernten. Sellerie ist ein gesundes, vitaminreiches Gem\u00fcse, kann vielseitig eingesetzt werden und verleiht besonders Suppen und Eint\u00f6pfen ihren herzhaften Geschmack.<\/p>\n\t\t<\/div>\n\t\t\t\t\t<\/div>\n\n\t\n\n\t<div id=\"col-1782056707\" class=\"col medium-4 small-12 large-4\"  >\n\t\t\t\t<div class=\"col-inner\"  >\n\t\t\t\n\t\t\t\n\n  <div class=\"banner has-hover\" id=\"banner-1393070535\">\n          <div class=\"banner-inner fill\">\n        <div class=\"banner-bg fill\" >\n                                                \n                    <\/div>\n\t\t\n        <div class=\"banner-layers container\">\n            <div class=\"fill banner-link\"><\/div>            \n   <div id=\"text-box-418021728\" class=\"text-box banner-layer x50 md-x50 lg-x50 y50 md-y50 lg-y50 res-text\">\n                                <div class=\"text-box-content text dark\">\n              \n              <div class=\"text-inner text-center\">\n                  \n\t<div id=\"text-872788413\" class=\"text\">\n\t\t\n<p><strong>Farbe<\/strong>: gr\u00fcn, wei\u00df<\/p>\n<p><strong>Standort<\/strong>: sonnig\/halbschattig<\/p>\n<p><strong>Lebensdauer<\/strong>: einj\u00e4hrig<\/p>\n<p><strong>Pflanzzeit<\/strong>: Mai-Juni<\/p>\n<p><strong>Erntezeit<\/strong>: August-Oktober<\/p>\n<p><strong>Pflanzabstand<\/strong>: 25-30 cm<\/p>\n<p><strong>Wuchsh\u00f6he\/-l\u00e4nge<\/strong>: 30-45 cm<\/p>\n<p><strong>Verpackung:<\/strong> 3,8 x 3,8-cm-Erdpresstopf<\/p>\n<div><\/div>\n\t\t\n<style>\n#text-872788413 {\n  font-size: 1rem;\n  line-height: 1;\n  text-align: left;\n}\n<\/style>\n\t<\/div>\n\t\n              <\/div>\n           <\/div>\n                            \n<style>\n#text-box-418021728 {\n  width: 84%;\n}\n#text-box-418021728 .text-box-content {\n  font-size: 100%;\n}\n<\/style>\n    <\/div>\n \n        <\/div>\n      <\/div>\n\n            \n<style>\n#banner-1393070535 {\n  padding-top: 330px;\n}\n<\/style>\n  <\/div>\n\n\n\t\t<\/div>\n\t\t\t\t\t<\/div>\n\n\t\n\n\t<div id=\"col-559396471\" class=\"col medium-4 small-12 large-4\"  >\n\t\t\t\t<div class=\"col-inner\"  >\n\t\t\t\n\t\t\t\n\t<div class=\"img has-hover x md-x lg-x y md-y lg-y\" id=\"image_2026746012\">\n\t\t\t\t\t\t\t\t<div class=\"img-inner image-cover dark\" style=\"padding-top:100%;\">\n\t\t\t<img decoding=\"async\" width=\"590\" height=\"590\" src=\"https:\/\/www.meine-ernte.de\/shop\/wp-content\/uploads\/Knollensellerie-President-2.jpg\" class=\"attachment-large size-large\" alt=\"\" srcset=\"https:\/\/www.meine-ernte.de\/shop\/wp-content\/uploads\/Knollensellerie-President-2.jpg 590w, https:\/\/www.meine-ernte.de\/shop\/wp-content\/uploads\/Knollensellerie-President-2-400x400.jpg 400w, https:\/\/www.meine-ernte.de\/shop\/wp-content\/uploads\/Knollensellerie-President-2-280x280.jpg 280w, https:\/\/www.meine-ernte.de\/shop\/wp-content\/uploads\/Knollensellerie-President-2-300x300.jpg 300w, https:\/\/www.meine-ernte.de\/shop\/wp-content\/uploads\/Knollensellerie-President-2-100x100.jpg 100w, https:\/\/www.meine-ernte.de\/shop\/wp-content\/uploads\/Knollensellerie-President-2-80x80.jpg 80w\" sizes=\"(max-width: 590px) 100vw, 590px\" \/>\t\t\t\t\t\t\n\t\t\t\t\t<\/div>\n\t\t\t\t\t\t\t\t\n<style>\n#image_2026746012 {\n  width: 83%;\n}\n<\/style>\n\t<\/div>\n\t\n\t\t<\/div>\n\t\t\t\t\t<\/div>\n\n\t\n<\/div>\n<div class=\"row\"  id=\"row-60026601\">\n\n\t<div id=\"col-774458891\" class=\"col medium-4 small-12 large-4\"  >\n\t\t\t\t<div class=\"col-inner\"  >\n\t\t\t\n\t\t\t\n<h3>2x Bio Porree \u201eSevino\u201c<br \/>\n3,8 cm Erdpresstopf<\/h3>\n<p>Unser Porree \u201eSevino\u201c ist ein Herbstporree mit dunklem Laub und langem wei\u00dfen Schaft aus. Die Sorte ist sehr ertragreich und dank seiner geringen Zwiebelbildung eignet sich unser Porree \u201eSevino\u201c besonders gut f\u00fcr eine lange Lagerung und vielseitige Einsatzm\u00f6glichkeiten in der K\u00fcche.<\/p>\n\t\t<\/div>\n\t\t\t\t\t<\/div>\n\n\t\n\n\t<div id=\"col-1196420980\" class=\"col medium-4 small-12 large-4\"  >\n\t\t\t\t<div class=\"col-inner\"  >\n\t\t\t\n\t\t\t\n\n  <div class=\"banner has-hover\" id=\"banner-155310261\">\n          <div class=\"banner-inner fill\">\n        <div class=\"banner-bg fill\" >\n                                                \n                    <\/div>\n\t\t\n        <div class=\"banner-layers container\">\n            <div class=\"fill banner-link\"><\/div>            \n   <div id=\"text-box-659370680\" class=\"text-box banner-layer x50 md-x50 lg-x50 y50 md-y50 lg-y50 res-text\">\n                                <div class=\"text-box-content text dark\">\n              \n              <div class=\"text-inner text-center\">\n                  \n\t<div id=\"text-808091378\" class=\"text\">\n\t\t\n<p><strong>Farbe<\/strong>: gr\u00fcn, wei\u00df<\/p>\n<p><strong>Standort<\/strong>: sonnig\/halbschattig<\/p>\n<p><strong>Lebensdauer<\/strong>: einj\u00e4hrig<\/p>\n<p><strong>Pflanzzeit<\/strong>: Mitte M\u00e4rz-Juli<\/p>\n<p><strong>Erntezeit<\/strong>: Juni-M\u00e4rz<\/p>\n<p><strong>Pflanzabstand<\/strong>: 10-15 cm<\/p>\n<p><strong>Wuchsh\u00f6he\/-l\u00e4nge<\/strong>: ca. 20-25 cm<\/p>\n<p><strong>Verpackung:<\/strong> 3,8 x 3,8-cm-Erdpresstopf<\/p>\n<div><\/div>\n\t\t\n<style>\n#text-808091378 {\n  font-size: 1rem;\n  line-height: 1;\n  text-align: left;\n}\n<\/style>\n\t<\/div>\n\t\n              <\/div>\n           <\/div>\n                            \n<style>\n#text-box-659370680 {\n  width: 84%;\n}\n#text-box-659370680 .text-box-content {\n  font-size: 100%;\n}\n<\/style>\n    <\/div>\n \n        <\/div>\n      <\/div>\n\n            \n<style>\n#banner-155310261 {\n  padding-top: 300px;\n}\n<\/style>\n  <\/div>\n\n\n\t\t<\/div>\n\t\t\t\t\t<\/div>\n\n\t\n\n\t<div id=\"col-751395448\" class=\"col medium-4 small-12 large-4\"  >\n\t\t\t\t<div class=\"col-inner\"  >\n\t\t\t\n\t\t\t\n\t<div class=\"img has-hover x md-x lg-x y md-y lg-y\" id=\"image_1146778627\">\n\t\t\t\t\t\t\t\t<div class=\"img-inner image-cover dark\" style=\"padding-top:100%;\">\n\t\t\t<img decoding=\"async\" width=\"590\" height=\"590\" src=\"https:\/\/www.meine-ernte.de\/shop\/wp-content\/uploads\/Lauch-Sevino-1.jpg\" class=\"attachment-large size-large\" alt=\"\" srcset=\"https:\/\/www.meine-ernte.de\/shop\/wp-content\/uploads\/Lauch-Sevino-1.jpg 590w, https:\/\/www.meine-ernte.de\/shop\/wp-content\/uploads\/Lauch-Sevino-1-400x400.jpg 400w, https:\/\/www.meine-ernte.de\/shop\/wp-content\/uploads\/Lauch-Sevino-1-280x280.jpg 280w, https:\/\/www.meine-ernte.de\/shop\/wp-content\/uploads\/Lauch-Sevino-1-300x300.jpg 300w, https:\/\/www.meine-ernte.de\/shop\/wp-content\/uploads\/Lauch-Sevino-1-100x100.jpg 100w, https:\/\/www.meine-ernte.de\/shop\/wp-content\/uploads\/Lauch-Sevino-1-80x80.jpg 80w\" sizes=\"(max-width: 590px) 100vw, 590px\" \/>\t\t\t\t\t\t\n\t\t\t\t\t<\/div>\n\t\t\t\t\t\t\t\t\n<style>\n#image_1146778627 {\n  width: 83%;\n}\n<\/style>\n\t<\/div>\n\t\n\t\t<\/div>\n\t\t\t\t\t<\/div>\n\n\t\n<\/div>\n<div class=\"row\"  id=\"row-287048494\">\n\n\t<div id=\"col-730806265\" class=\"col medium-4 small-12 large-4\"  >\n\t\t\t\t<div class=\"col-inner\"  >\n\t\t\t\n\t\t\t\n<h3><strong>2x Bio Pak Choi \u201eJoi Choi\u201c<br \/>\n3,8 cm Erdpresstopf<\/strong><\/h3>\n<p>Pak Choi, auch bekannt als Senfkohl oder Bl\u00e4tterkohl, ist eng mit dem Chinakohl verwandt. Die Sorte \u201eJoi Choi\u201c zeichnet sich durch ihren kompakten Wuchs und zarte, helle Blattrippen mit dicht anliegenden Bl\u00e4ttern aus. Mit seinem feinen Aroma und der milden S\u00fc\u00dfe ist er eine vielseitige Zutat f\u00fcr Salate oder klassische Wok-Gerichte.<\/p>\n\t\t<\/div>\n\t\t\t\t\t<\/div>\n\n\t\n\n\t<div id=\"col-2084256667\" class=\"col medium-4 small-12 large-4\"  >\n\t\t\t\t<div class=\"col-inner\"  >\n\t\t\t\n\t\t\t\n\n  <div class=\"banner has-hover\" id=\"banner-1111922317\">\n          <div class=\"banner-inner fill\">\n        <div class=\"banner-bg fill\" >\n                                                \n                    <\/div>\n\t\t\n        <div class=\"banner-layers container\">\n            <div class=\"fill banner-link\"><\/div>            \n   <div id=\"text-box-770214088\" class=\"text-box banner-layer x50 md-x50 lg-x50 y50 md-y50 lg-y50 res-text\">\n                                <div class=\"text-box-content text dark\">\n              \n              <div class=\"text-inner text-center\">\n                  \n\t<div id=\"text-3461402330\" class=\"text\">\n\t\t\n<p><strong>Farbe<\/strong>: gr\u00fcn, wei\u00df<\/p>\n<p><strong>Standort<\/strong>: sonnig\/halbschattig<\/p>\n<p><strong>Lebensdauer<\/strong>: einj\u00e4hrig<\/p>\n<p><strong>Pflanzzeit<\/strong>: April-Juni<\/p>\n<p><strong>Erntezeit<\/strong>: Juni-Oktober<\/p>\n<p><strong>Pflanzabstand<\/strong>: 25-30 cm<\/p>\n<p><strong>Wuchsh\u00f6he\/-l\u00e4nge<\/strong>: 15-25 cm<\/p>\n<p><strong>Verpackung:<\/strong> 3,8 x 3,8-cm-Erdpresstopf<\/p>\n<div><\/div>\n\t\t\n<style>\n#text-3461402330 {\n  font-size: 1rem;\n  line-height: 1;\n  text-align: left;\n}\n<\/style>\n\t<\/div>\n\t\n              <\/div>\n           <\/div>\n                            \n<style>\n#text-box-770214088 {\n  width: 84%;\n}\n#text-box-770214088 .text-box-content {\n  font-size: 100%;\n}\n<\/style>\n    <\/div>\n \n        <\/div>\n      <\/div>\n\n            \n<style>\n#banner-1111922317 {\n  padding-top: 300px;\n}\n<\/style>\n  <\/div>\n\n\n\t\t<\/div>\n\t\t\t\t\t<\/div>\n\n\t\n\n\t<div id=\"col-1182545944\" class=\"col medium-4 small-12 large-4\"  >\n\t\t\t\t<div class=\"col-inner\"  >\n\t\t\t\n\t\t\t\n\t<div class=\"img has-hover x md-x lg-x y md-y lg-y\" id=\"image_702897106\">\n\t\t\t\t\t\t\t\t<div class=\"img-inner image-cover dark\" style=\"padding-top:100%;\">\n\t\t\t<img decoding=\"async\" width=\"590\" height=\"590\" src=\"https:\/\/www.meine-ernte.de\/shop\/wp-content\/uploads\/Pak-Choi-Joi-Choi-1.jpg\" class=\"attachment-large size-large\" alt=\"\" srcset=\"https:\/\/www.meine-ernte.de\/shop\/wp-content\/uploads\/Pak-Choi-Joi-Choi-1.jpg 590w, https:\/\/www.meine-ernte.de\/shop\/wp-content\/uploads\/Pak-Choi-Joi-Choi-1-400x400.jpg 400w, https:\/\/www.meine-ernte.de\/shop\/wp-content\/uploads\/Pak-Choi-Joi-Choi-1-280x280.jpg 280w, https:\/\/www.meine-ernte.de\/shop\/wp-content\/uploads\/Pak-Choi-Joi-Choi-1-300x300.jpg 300w, https:\/\/www.meine-ernte.de\/shop\/wp-content\/uploads\/Pak-Choi-Joi-Choi-1-100x100.jpg 100w, https:\/\/www.meine-ernte.de\/shop\/wp-content\/uploads\/Pak-Choi-Joi-Choi-1-80x80.jpg 80w\" sizes=\"(max-width: 590px) 100vw, 590px\" \/>\t\t\t\t\t\t\n\t\t\t\t\t<\/div>\n\t\t\t\t\t\t\t\t\n<style>\n#image_702897106 {\n  width: 83%;\n}\n<\/style>\n\t<\/div>\n\t\n\t\t<\/div>\n\t\t\t\t\t<\/div>\n\n\t\n<\/div>\n<p>Das Verpackungsmaterial deiner Jungpflanzen besteht zu 100% aus Recycling-Kunststoff und h\u00e4lt die Wurzeln auf dem Weg zu dir feucht. Mit deinem Set erh\u00e4ltst du zus\u00e4tzlich hilfreiche Pflegehinweise.<\/p>\n<p>\u00dcbrigens: Keine Sorge, wenn die Jungpflanzen bei der Ankunft die Bl\u00e4tter ein wenig h\u00e4ngen lassen. Eingesetzt und gut gew\u00e4ssert stehen sie bald wieder in voller Pracht. Und damit die Chancen besonders gutstehen, dass du deine Jungpflanzen direkt entgegennehmen kannst, <strong>versenden wir<\/strong> deine Sets <strong>standardm\u00e4\u00dfig am Donnerstag<\/strong>. So treffen sie in der Regel zum Wochenende bei dir ein. Bitte beachte, dass wir deine Bestellung immer bis sp\u00e4testens Dienstag um 12 Uhr erhalten m\u00fcssen, damit wir sie am darauffolgenden Mittwoch einpacken und am Donnerstag versenden k\u00f6nnen.<\/p>\n","protected":false},"excerpt":{"rendered":"<ul>\n<li>F\u00fcnf pflegeleichte und robuste Jungpflanzen \u00e0 zwei St\u00fcck<\/li>\n<li>Porree, Knollensellerie, Rote Bete, Pak Choi, Wirsing<\/li>\n<li>F\u00fcr die herbstliche Ernte aus Gem\u00fcsegarten und Hochbeet<\/li>\n<li>Bio-Qualit\u00e4t aus deutscher Landwirtschaft<\/li>\n<\/ul>\n<p><img decoding=\"async\" src=\"https:\/\/www.meine-ernte.de\/shop\/wp-content\/uploads\/EU-Bio-Siegel-Shop-600x600-px.jpg\" width=\"150px\" \/><\/p>\n<p>DE-\u00d6KO-005<br \/>\nDeutsche Landwirtschaft<\/p>\n<h4><\/h4>\n","protected":false},"featured_media":118123,"comment_status":"open","ping_status":"closed","template":"","meta":{"_acf_changed":false},"product_brand":[],"product_cat":[748,668,72],"product_tag":[],"class_list":{"0":"post-111000","1":"product","2":"type-product","3":"status-publish","4":"has-post-thumbnail","6":"product_cat-bio-jungpflanzen","7":"product_cat-meine-ernte-produkte","8":"product_cat-saatgut-und-pflanzen","9":"product_shipping_class-wunderlich-1","11":"first","12":"instock","13":"taxable","14":"shipping-taxable","15":"purchasable","16":"product-type-simple"},"acf":[],"tiered_pricing_type":"fixed","tiered_pricing_fixed_rules":[],"tiered_pricing_product_settings":{"layout":"default","base_unit_name":{"singular":null,"plural":null},"default_variation":null},"tiered_pricing_minimum_quantity":null,"tiered_pricing_roles_data":[],"tiered_pricing_percentage_rules":[],"_links":{"self":[{"href":"https:\/\/www.meine-ernte.de\/shop\/wp-json\/wp\/v2\/product\/111000","targetHints":{"allow":["GET"]}}],"collection":[{"href":"https:\/\/www.meine-ernte.de\/shop\/wp-json\/wp\/v2\/product"}],"about":[{"href":"https:\/\/www.meine-ernte.de\/shop\/wp-json\/wp\/v2\/types\/product"}],"replies":[{"embeddable":true,"href":"https:\/\/www.meine-ernte.de\/shop\/wp-json\/wp\/v2\/comments?post=111000"}],"wp:featuredmedia":[{"embeddable":true,"href":"https:\/\/www.meine-ernte.de\/shop\/wp-json\/wp\/v2\/media\/118123"}],"wp:attachment":[{"href":"https:\/\/www.meine-ernte.de\/shop\/wp-json\/wp\/v2\/media?parent=111000"}],"wp:term":[{"taxonomy":"product_brand","embeddable":true,"href":"https:\/\/www.meine-ernte.de\/shop\/wp-json\/wp\/v2\/product_brand?post=111000"},{"taxonomy":"product_cat","embeddable":true,"href":"https:\/\/www.meine-ernte.de\/shop\/wp-json\/wp\/v2\/product_cat?post=111000"},{"taxonomy":"product_tag","embeddable":true,"href":"https:\/\/www.meine-ernte.de\/shop\/wp-json\/wp\/v2\/product_tag?post=111000"}],"curies":[{"name":"wp","href":"https:\/\/api.w.org\/{rel}","templated":true}]}}