{"id":110896,"date":"2024-03-12T07:50:09","date_gmt":"2024-03-12T06:50:09","guid":{"rendered":"https:\/\/www.meine-ernte.de\/shop\/?post_type=product&#038;p=110896"},"modified":"2026-04-30T20:34:00","modified_gmt":"2026-04-30T18:34:00","slug":"jungpflanzen-bio-blumen-set-ii","status":"publish","type":"product","link":"https:\/\/www.meine-ernte.de\/shop\/jungpflanzen-bio-blumen-set-ii\/","title":{"rendered":"Bio-Blumen-Set II"},"content":{"rendered":"<p>Mit unserem Bio-Blumenset II bringst du eine farbenfrohe und k\u00f6stliche Vielfalt in deinen Garten und an den Gaumen \u2013 ideal f\u00fcr alle, die Bl\u00fctenpracht und kreative K\u00fcchenideen lieben! Dieses Set enth\u00e4lt Bl\u00fchbasilikum, Bartnelke und L\u00f6wenm\u00e4ulchen \u2013 drei essbare Bl\u00fcten, die nicht nur optisch begeistern, sondern auch vielf\u00e4ltig in der K\u00fcche verwendet werden k\u00f6nnen. Das zarte, s\u00fc\u00dfliche Aroma der violetten Bl\u00fcten des Bl\u00fchbasilikums verfeinert Kr\u00e4utersalze, Pesto und Vorspeisen. Die leuchtenden Bl\u00fcten der Bartnelke verleihen Kr\u00e4uterbutter, \u00d6len und Aufstrichen eine w\u00fcrzige Note. Und die bunten L\u00f6wenm\u00e4ulchen setzen mit ihrem s\u00fc\u00dfen Geschmack farbenfrohe Akzente in Salaten, Desserts und Getr\u00e4nken.<\/p>\n<div class=\"row\"  id=\"row-1139371228\">\n\n\t<div id=\"col-1853329024\" class=\"col medium-1 small-12 large-1\"  >\n\t\t\t\t<div class=\"col-inner\"  >\n\t\t\t\n\t\t\t\n\t\t<\/div>\n\t\t\t\t\t<\/div>\n\n\t\n\n\t<div id=\"col-562989382\" class=\"col medium-2 small-12 large-2\"  >\n\t\t\t\t<div class=\"col-inner\"  >\n\t\t\t\n\t\t\t\n\t<div class=\"img has-hover x md-x lg-x y md-y lg-y\" id=\"image_563090322\">\n\t\t\t\t\t\t\t\t<div class=\"img-inner dark\" >\n\t\t\t<img decoding=\"async\" width=\"480\" height=\"480\" src=\"https:\/\/www.meine-ernte.de\/shop\/wp-content\/uploads\/Natalie-rund.jpg\" class=\"attachment-large size-large\" alt=\"\" srcset=\"https:\/\/www.meine-ernte.de\/shop\/wp-content\/uploads\/Natalie-rund.jpg 480w, https:\/\/www.meine-ernte.de\/shop\/wp-content\/uploads\/Natalie-rund-400x400.jpg 400w, https:\/\/www.meine-ernte.de\/shop\/wp-content\/uploads\/Natalie-rund-280x280.jpg 280w, https:\/\/www.meine-ernte.de\/shop\/wp-content\/uploads\/Natalie-rund-300x300.jpg 300w, https:\/\/www.meine-ernte.de\/shop\/wp-content\/uploads\/Natalie-rund-100x100.jpg 100w\" sizes=\"(max-width: 480px) 100vw, 480px\" \/>\t\t\t\t\t\t\n\t\t\t\t\t<\/div>\n\t\t\t\t\t\t\t\t\n<style>\n#image_563090322 {\n  width: 100%;\n}\n<\/style>\n\t<\/div>\n\t\n\t\t<\/div>\n\t\t\t\t\t<\/div>\n\n\t\n\n\t<div id=\"col-597756169\" class=\"col medium-8 small-12 large-8\"  >\n\t\t\t\t<div class=\"col-inner\"  >\n\t\t\t\n\t\t\t\n<p><span style=\"color: #ee7f00;\">Frage an Gartenexpertin Natalie: Was bedeutet eigentlich genau <strong>\u201everedelt\u201c<\/strong>?<\/span><\/p>\n<p>\u201eVeredelte Gem\u00fcsepflanzen vereinen das Beste aus zwei unterschiedlichen Ursprungspflanzen in einer neuen. Das Veredeln ist eine traditionelle Methode, um den Ernteertrag zu steigern. Dabei wird zum Beispiel ein besonders kr\u00e4ftiger Wurzelteil mit einem sehr ertragreichen Pflanzenteil kombiniert. Die daraus entstandene Edelpflanze tr\u00e4gt dann mehr, ist weniger anf\u00e4llig f\u00fcr Krankheiten und ihre Fr\u00fcchte sind von h\u00f6herer Qualit\u00e4t.\u201c<\/p>\n\t\t<\/div>\n\t\t\t\t\t<\/div>\n\n\t\n<\/div>\n<h2>Im Set sind folgende Kulturen enthalten:<\/h2>\n<p><strong>Dieses Set enth\u00e4lt zweimal 3 und einmal 4 Jungpflanze pro Kultur, insgesamt 10 Pflanzen.<\/strong><\/p>\n<div class=\"row\"  id=\"row-1238759678\">\n\n\t<div id=\"col-1335010766\" class=\"col medium-4 small-12 large-4\"  >\n\t\t\t\t<div class=\"col-inner\"  >\n\t\t\t\n\t\t\t\n<h3><strong>4x Bio L\u00f6wenm\u00e4ulchen<br \/>\n3 cm Erdballen<\/strong><\/h3>\n<p>Unsere L\u00f6wenm\u00e4ulchen bezaubern mit ihren eleganten Bl\u00fcten in Rosa, Gelb, Rot und Wei\u00df \u2013 ein echtes Highlight f\u00fcr Beete, Rabatten und Balkonk\u00e4sten. Die Bl\u00fcten sind nicht nur wundersch\u00f6n, sondern auch essbar! Du kannst sie als dekorative Zutat in Salaten, auf Desserts oder zum Garnieren von Getr\u00e4nken verwenden. Mit ihrem zarten Geschmack und ihrer leuchtenden Farbvielfalt bringen sie Kreativit\u00e4t und Eleganz in deine K\u00fcche. L\u00f6wenm\u00e4ulchen bevorzugen sonnige bis halbschattige Standorte und bl\u00fchen viele Monate \u2013 vom Fr\u00fchling bis in den Herbst.<\/p>\n\t\t<\/div>\n\t\t\t\t\t<\/div>\n\n\t\n\n\t<div id=\"col-82587389\" class=\"col medium-4 small-12 large-4\"  >\n\t\t\t\t<div class=\"col-inner\"  >\n\t\t\t\n\t\t\t\n\n  <div class=\"banner has-hover\" id=\"banner-1120574690\">\n          <div class=\"banner-inner fill\">\n        <div class=\"banner-bg fill\" >\n                                                \n                    <\/div>\n\t\t\n        <div class=\"banner-layers container\">\n            <div class=\"fill banner-link\"><\/div>            \n   <div id=\"text-box-983603131\" class=\"text-box banner-layer x50 md-x50 lg-x50 y50 md-y50 lg-y50 res-text\">\n                                <div class=\"text-box-content text dark\">\n              \n              <div class=\"text-inner text-center\">\n                  \n\t<div id=\"text-3815213266\" class=\"text\">\n\t\t\n<p><strong>Farbe<\/strong>: rosa, rot, wei\u00df, zitronengelb<\/p>\n<p><strong>Standort<\/strong>: sonnig\/halbschattig<\/p>\n<p><strong>Lebensdauer<\/strong>: einj\u00e4hrig<\/p>\n<p><strong>Pflanzzeit<\/strong>: April-Juni<\/p>\n<p><strong>Erntezeit<\/strong>: Juli-Oktober<\/p>\n<p><strong>Pflanzabstand<\/strong>: 25&#215;30 cm<\/p>\n<p><strong>Wuchsh\u00f6he\/-l\u00e4nge<\/strong>: 30-60 cm<\/p>\n<p><strong>Verpackung:<\/strong> 3 cm Erdballen<\/p>\n<div><\/div>\n\t\t\n<style>\n#text-3815213266 {\n  font-size: 1rem;\n  line-height: 1;\n  text-align: left;\n}\n<\/style>\n\t<\/div>\n\t\n              <\/div>\n           <\/div>\n                            \n<style>\n#text-box-983603131 {\n  width: 84%;\n}\n#text-box-983603131 .text-box-content {\n  font-size: 100%;\n}\n<\/style>\n    <\/div>\n \n        <\/div>\n      <\/div>\n\n            \n<style>\n#banner-1120574690 {\n  padding-top: 330px;\n}\n<\/style>\n  <\/div>\n\n\n\t\t<\/div>\n\t\t\t\t\t<\/div>\n\n\t\n\n\t<div id=\"col-793409595\" class=\"col medium-4 small-12 large-4\"  >\n\t\t\t\t<div class=\"col-inner\"  >\n\t\t\t\n\t\t\t\n\t<div class=\"img has-hover x md-x lg-x y md-y lg-y\" id=\"image_1028190130\">\n\t\t\t\t\t\t\t\t<div class=\"img-inner image-cover dark\" style=\"padding-top:100%;\">\n\t\t\t<img decoding=\"async\" width=\"590\" height=\"590\" src=\"https:\/\/www.meine-ernte.de\/shop\/wp-content\/uploads\/Loewenmaeulchen-2.jpg\" class=\"attachment-large size-large\" alt=\"\" srcset=\"https:\/\/www.meine-ernte.de\/shop\/wp-content\/uploads\/Loewenmaeulchen-2.jpg 590w, https:\/\/www.meine-ernte.de\/shop\/wp-content\/uploads\/Loewenmaeulchen-2-400x400.jpg 400w, https:\/\/www.meine-ernte.de\/shop\/wp-content\/uploads\/Loewenmaeulchen-2-280x280.jpg 280w, https:\/\/www.meine-ernte.de\/shop\/wp-content\/uploads\/Loewenmaeulchen-2-300x300.jpg 300w, https:\/\/www.meine-ernte.de\/shop\/wp-content\/uploads\/Loewenmaeulchen-2-100x100.jpg 100w, https:\/\/www.meine-ernte.de\/shop\/wp-content\/uploads\/Loewenmaeulchen-2-80x80.jpg 80w\" sizes=\"(max-width: 590px) 100vw, 590px\" \/>\t\t\t\t\t\t\n\t\t\t\t\t<\/div>\n\t\t\t\t\t\t\t\t\n<style>\n#image_1028190130 {\n  width: 92%;\n}\n<\/style>\n\t<\/div>\n\t\n\t\t<\/div>\n\t\t\t\t\t<\/div>\n\n\t\n<\/div>\n<div class=\"row\"  id=\"row-728083749\">\n\n\t<div id=\"col-809069210\" class=\"col medium-4 small-12 large-4\"  >\n\t\t\t\t<div class=\"col-inner\"  >\n\t\t\t\n\t\t\t\n<h3><strong>3x Bio Bl\u00fchbasilikum<\/strong><br \/>\n<strong>3 cm Erdballen<\/strong><\/h3>\n<p>Bl\u00fchbasilikum besticht nicht nur durch seine aromatischen Bl\u00e4tter, sondern auch durch seine violetten Bl\u00fcten, die in der K\u00fcche vielseitig eingesetzt werden k\u00f6nnen. Ihr mildes, leicht s\u00fc\u00dfliches Aroma verleiht verschiedenen Gerichten eine besondere Note. Die Bl\u00fcten k\u00f6nnen zusammen mit den Bl\u00e4ttern zu einem aromatischen Pesto verarbeitet werden, das Pasta, Brot oder Gem\u00fcse verfeinert. Getrocknete Bl\u00fcten lassen sich mit Meersalz mischen, um ein besonderes Kr\u00e4utersalz herzustellen, das Speisen eine raffinierte W\u00fcrze verleiht. Am wohlsten f\u00fchlt sich Bl\u00fchbasilikum an sonnigen Standorten. Regelm\u00e4\u00dfiges Ernten der Bl\u00e4tter und Bl\u00fcten f\u00f6rdert \u00fcbrigens ein buschiges Wachstum und verl\u00e4ngert die Bl\u00fctezeit.<\/p>\n\t\t<\/div>\n\t\t\t\t\t<\/div>\n\n\t\n\n\t<div id=\"col-1241706134\" class=\"col medium-4 small-12 large-4\"  >\n\t\t\t\t<div class=\"col-inner\"  >\n\t\t\t\n\t\t\t\n\n  <div class=\"banner has-hover\" id=\"banner-164004694\">\n          <div class=\"banner-inner fill\">\n        <div class=\"banner-bg fill\" >\n                                                \n                    <\/div>\n\t\t\n        <div class=\"banner-layers container\">\n            <div class=\"fill banner-link\"><\/div>            \n   <div id=\"text-box-916072298\" class=\"text-box banner-layer x50 md-x50 lg-x50 y50 md-y50 lg-y50 res-text\">\n                                <div class=\"text-box-content text dark\">\n              \n              <div class=\"text-inner text-center\">\n                  \n\t<div id=\"text-3467893756\" class=\"text\">\n\t\t\n<p><strong>Farbe<\/strong>: violett, gr\u00fcn \/ lila<\/p>\n<p><strong>Standort<\/strong>: sonnig\/halbschattig<\/p>\n<p><strong>Lebensdauer<\/strong>: einj\u00e4hrig<\/p>\n<p><strong>Pflanzzeit<\/strong>: April-Juni<\/p>\n<p><strong>Erntezeit<\/strong>: Mai-Oktober<\/p>\n<p><strong>Pflanzabstand<\/strong>: 30&#215;30 cm<\/p>\n<p><strong>Wuchsh\u00f6he\/-l\u00e4nge<\/strong>: 50-60 cm<\/p>\n<p><strong>Verpackung:<\/strong> 3 cm Erdballen<\/p>\n<div><\/div>\n\t\t\n<style>\n#text-3467893756 {\n  font-size: 1rem;\n  line-height: 1;\n  text-align: left;\n}\n<\/style>\n\t<\/div>\n\t\n              <\/div>\n           <\/div>\n                            \n<style>\n#text-box-916072298 {\n  width: 84%;\n}\n#text-box-916072298 .text-box-content {\n  font-size: 100%;\n}\n<\/style>\n    <\/div>\n \n        <\/div>\n      <\/div>\n\n            \n<style>\n#banner-164004694 {\n  padding-top: 330px;\n}\n<\/style>\n  <\/div>\n\n\n\t\t<\/div>\n\t\t\t\t\t<\/div>\n\n\t\n\n\t<div id=\"col-1392627759\" class=\"col medium-4 small-12 large-4\"  >\n\t\t\t\t<div class=\"col-inner\"  >\n\t\t\t\n\t\t\t\n\t<div class=\"img has-hover x md-x lg-x y md-y lg-y\" id=\"image_1689324777\">\n\t\t\t\t\t\t\t\t<div class=\"img-inner image-cover dark\" style=\"padding-top:100%;\">\n\t\t\t<img decoding=\"async\" width=\"590\" height=\"590\" src=\"https:\/\/www.meine-ernte.de\/shop\/wp-content\/uploads\/Bluehbasilikum.jpg\" class=\"attachment-large size-large\" alt=\"\" srcset=\"https:\/\/www.meine-ernte.de\/shop\/wp-content\/uploads\/Bluehbasilikum.jpg 590w, https:\/\/www.meine-ernte.de\/shop\/wp-content\/uploads\/Bluehbasilikum-400x400.jpg 400w, https:\/\/www.meine-ernte.de\/shop\/wp-content\/uploads\/Bluehbasilikum-280x280.jpg 280w, https:\/\/www.meine-ernte.de\/shop\/wp-content\/uploads\/Bluehbasilikum-300x300.jpg 300w, https:\/\/www.meine-ernte.de\/shop\/wp-content\/uploads\/Bluehbasilikum-100x100.jpg 100w, https:\/\/www.meine-ernte.de\/shop\/wp-content\/uploads\/Bluehbasilikum-80x80.jpg 80w\" sizes=\"(max-width: 590px) 100vw, 590px\" \/>\t\t\t\t\t\t\n\t\t\t\t\t<\/div>\n\t\t\t\t\t\t\t\t\n<style>\n#image_1689324777 {\n  width: 92%;\n}\n<\/style>\n\t<\/div>\n\t\n\t\t<\/div>\n\t\t\t\t\t<\/div>\n\n\t\n<\/div>\n<div class=\"row\"  id=\"row-687072670\">\n\n\t<div id=\"col-995945883\" class=\"col medium-4 small-12 large-4\"  >\n\t\t\t\t<div class=\"col-inner\"  >\n\t\t\t\n\t\t\t\n<h3><strong>3x Bio Bartnelke<\/strong><br \/>\n<strong>3 cm Erdballen<\/strong><\/h3>\n<p>Die Bartnelke besticht durch ihre leuchtenden, wei\u00df bis hellrosa gef\u00e4rbten Bl\u00fcten, die von Juni bis September bl\u00fchen und Bienen sowie Schmetterlinge anziehen. Ihre Bl\u00fcten eignen sich hervorragend zum Aromatisieren von \u00d6len und Essigen, wodurch Salate und Marinaden eine besondere Note erhalten. Zudem k\u00f6nnen die Bl\u00fctenbl\u00e4tter in Butter oder Frischk\u00e4se einger\u00fchrt werden, um Aufstrichen ein mild-w\u00fcrziges Aroma zu verleihen. Bartnelken bevorzugen sonnige bis halbschattige Standorte mit gut durchl\u00e4ssigem Boden. Sie sind pflegeleicht und winterhart, was sie zu einer beliebten Wahl f\u00fcr Beete und Rabatten macht.<\/p>\n\t\t<\/div>\n\t\t\t\t\t<\/div>\n\n\t\n\n\t<div id=\"col-1308655113\" class=\"col medium-4 small-12 large-4\"  >\n\t\t\t\t<div class=\"col-inner\"  >\n\t\t\t\n\t\t\t\n\n  <div class=\"banner has-hover\" id=\"banner-1735254461\">\n          <div class=\"banner-inner fill\">\n        <div class=\"banner-bg fill\" >\n                                                \n                    <\/div>\n\t\t\n        <div class=\"banner-layers container\">\n            <div class=\"fill banner-link\"><\/div>            \n   <div id=\"text-box-62497396\" class=\"text-box banner-layer x50 md-x50 lg-x50 y50 md-y50 lg-y50 res-text\">\n                                <div class=\"text-box-content text dark\">\n              \n              <div class=\"text-inner text-center\">\n                  \n\t<div id=\"text-1003501572\" class=\"text\">\n\t\t\n<p><strong>Farbe<\/strong>: pink, rosa, violett wei\u00df<\/p>\n<p><strong>Standort<\/strong>: sonnig\/halbschattig<\/p>\n<p><strong>Lebensdauer<\/strong>: zweij\u00e4hrig<\/p>\n<p><strong>Pflanzzeit<\/strong>: April-Juli<\/p>\n<p><strong>Erntezeit<\/strong>: Juni-Juli<\/p>\n<p><strong>Pflanzabstand<\/strong>: 30&#215;30 cm<\/p>\n<p><strong>Wuchsh\u00f6he\/-l\u00e4nge<\/strong>: 50-60 cm<\/p>\n<p><strong>Verpackung:<\/strong> 3 cm Erdballen<\/p>\n<div><\/div>\n\t\t\n<style>\n#text-1003501572 {\n  font-size: 1rem;\n  line-height: 1;\n  text-align: left;\n}\n<\/style>\n\t<\/div>\n\t\n              <\/div>\n           <\/div>\n                            \n<style>\n#text-box-62497396 {\n  width: 84%;\n}\n#text-box-62497396 .text-box-content {\n  font-size: 100%;\n}\n<\/style>\n    <\/div>\n \n        <\/div>\n      <\/div>\n\n            \n<style>\n#banner-1735254461 {\n  padding-top: 330px;\n}\n<\/style>\n  <\/div>\n\n\n\t\t<\/div>\n\t\t\t\t\t<\/div>\n\n\t\n\n\t<div id=\"col-655598656\" class=\"col medium-4 small-12 large-4\"  >\n\t\t\t\t<div class=\"col-inner\"  >\n\t\t\t\n\t\t\t\n\t<div class=\"img has-hover x md-x lg-x y md-y lg-y\" id=\"image_642511841\">\n\t\t\t\t\t\t\t\t<div class=\"img-inner image-cover dark\" style=\"padding-top:100%;\">\n\t\t\t<img decoding=\"async\" width=\"590\" height=\"590\" src=\"https:\/\/www.meine-ernte.de\/shop\/wp-content\/uploads\/Bartnelke.jpg\" class=\"attachment-large size-large\" alt=\"\" srcset=\"https:\/\/www.meine-ernte.de\/shop\/wp-content\/uploads\/Bartnelke.jpg 590w, https:\/\/www.meine-ernte.de\/shop\/wp-content\/uploads\/Bartnelke-400x400.jpg 400w, https:\/\/www.meine-ernte.de\/shop\/wp-content\/uploads\/Bartnelke-280x280.jpg 280w, https:\/\/www.meine-ernte.de\/shop\/wp-content\/uploads\/Bartnelke-300x300.jpg 300w, https:\/\/www.meine-ernte.de\/shop\/wp-content\/uploads\/Bartnelke-100x100.jpg 100w, https:\/\/www.meine-ernte.de\/shop\/wp-content\/uploads\/Bartnelke-80x80.jpg 80w\" sizes=\"(max-width: 590px) 100vw, 590px\" \/>\t\t\t\t\t\t\n\t\t\t\t\t<\/div>\n\t\t\t\t\t\t\t\t\n<style>\n#image_642511841 {\n  width: 92%;\n}\n<\/style>\n\t<\/div>\n\t\n\t\t<\/div>\n\t\t\t\t\t<\/div>\n\n\t\n<\/div>\n<p>Das Verpackungsmaterial deiner Jungpflanzen besteht zu 100% aus Recycling-Kunststoff und h\u00e4lt die Wurzeln auf dem Weg zu dir feucht. Mit deinem Set erh\u00e4ltst du zus\u00e4tzlich hilfreiche Pflegehinweise.<\/p>\n<p>\u00dcbrigens: Keine Sorge, wenn die Jungpflanzen bei der Ankunft die Bl\u00e4tter ein wenig h\u00e4ngen lassen. Eingesetzt und gut gew\u00e4ssert stehen sie bald wieder in voller Pracht. Und damit die Chancen besonders gutstehen, dass du deine Jungpflanzen direkt entgegennehmen kannst, <strong>versenden wir<\/strong> deine Sets <strong>standardm\u00e4\u00dfig am Donnerstag<\/strong>. So treffen sie in der Regel zum Wochenende bei dir ein. Bitte beachte, dass wir deine Bestellung immer bis sp\u00e4testens Dienstag um 12 Uhr erhalten m\u00fcssen, damit wir sie am darauffolgenden Mittwoch einpacken und am Donnerstag versenden k\u00f6nnen.<\/p>\n<div class=\"container section-title-container\" ><h3 class=\"section-title section-title-normal\"><b aria-hidden=\"true\"><\/b><span class=\"section-title-main\" >Weitere Bio-Jungpflanz-Sets<\/span><b aria-hidden=\"true\"><\/b><\/h3><\/div>\n\t\n  \n    <div class=\"row large-columns-4 medium-columns-3 small-columns-2 row-small slider row-slider slider-nav-reveal slider-nav-push\"  data-flickity-options='{&quot;imagesLoaded&quot;: true, &quot;groupCells&quot;: &quot;100%&quot;, &quot;dragThreshold&quot; : 5, &quot;cellAlign&quot;: &quot;left&quot;,&quot;wrapAround&quot;: true,&quot;prevNextButtons&quot;: true,&quot;percentPosition&quot;: true,&quot;pageDots&quot;: false, &quot;rightToLeft&quot;: false, &quot;autoPlay&quot; : false}' >\n\n  \n\t     <div class=\"product-small col has-hover product type-product post-111331 status-publish first instock product_cat-bio-jungpflanzen product_cat-meine-ernte-produkte product_cat-saatgut-und-pflanzen has-post-thumbnail taxable shipping-taxable purchasable product-type-simple\">\n\t<div class=\"col-inner\">\n\t\n<div class=\"badge-container absolute left top z-1\">\n\n<\/div>\n\t<div class=\"product-small box \">\n\t\t<div class=\"box-image\">\n\t\t\t<div class=\"image-fade_in_back\">\n\t\t\t\t<a href=\"https:\/\/www.meine-ernte.de\/shop\/bio-premium-set-kraeutergarten\/\">\n\t\t\t\t\t<img decoding=\"async\" width=\"300\" height=\"300\" src=\"https:\/\/www.meine-ernte.de\/shop\/wp-content\/uploads\/Bio-Premium-Set-Kraeutergarten-300x300.jpg\" class=\"attachment-woocommerce_thumbnail size-woocommerce_thumbnail\" alt=\"Bio-Premium-Set Kr\u00e4utergarten\" srcset=\"https:\/\/www.meine-ernte.de\/shop\/wp-content\/uploads\/Bio-Premium-Set-Kraeutergarten-300x300.jpg 300w, https:\/\/www.meine-ernte.de\/shop\/wp-content\/uploads\/Bio-Premium-Set-Kraeutergarten-400x400.jpg 400w, https:\/\/www.meine-ernte.de\/shop\/wp-content\/uploads\/Bio-Premium-Set-Kraeutergarten-280x280.jpg 280w, https:\/\/www.meine-ernte.de\/shop\/wp-content\/uploads\/Bio-Premium-Set-Kraeutergarten-100x100.jpg 100w, https:\/\/www.meine-ernte.de\/shop\/wp-content\/uploads\/Bio-Premium-Set-Kraeutergarten-80x80.jpg 80w, https:\/\/www.meine-ernte.de\/shop\/wp-content\/uploads\/Bio-Premium-Set-Kraeutergarten.jpg 590w\" sizes=\"(max-width: 300px) 100vw, 300px\" \/><img decoding=\"async\" width=\"300\" height=\"300\" src=\"https:\/\/www.meine-ernte.de\/shop\/wp-content\/uploads\/Basilikum-Genoveser-1-300x300.jpg\" class=\"show-on-hover absolute fill hide-for-small back-image\" alt=\"Alternative view of Bio-Premium-Set Kr\u00e4utergarten\" aria-hidden=\"true\" srcset=\"https:\/\/www.meine-ernte.de\/shop\/wp-content\/uploads\/Basilikum-Genoveser-1-300x300.jpg 300w, https:\/\/www.meine-ernte.de\/shop\/wp-content\/uploads\/Basilikum-Genoveser-1-400x400.jpg 400w, https:\/\/www.meine-ernte.de\/shop\/wp-content\/uploads\/Basilikum-Genoveser-1-280x280.jpg 280w, https:\/\/www.meine-ernte.de\/shop\/wp-content\/uploads\/Basilikum-Genoveser-1-100x100.jpg 100w, https:\/\/www.meine-ernte.de\/shop\/wp-content\/uploads\/Basilikum-Genoveser-1-80x80.jpg 80w, https:\/\/www.meine-ernte.de\/shop\/wp-content\/uploads\/Basilikum-Genoveser-1.jpg 590w\" sizes=\"(max-width: 300px) 100vw, 300px\" \/>\t\t\t\t<\/a>\n\t\t\t<\/div>\n\t\t\t<div class=\"image-tools is-small top right show-on-hover\">\n\t\t\t\t\t\t\t<\/div>\n\t\t\t<div class=\"image-tools is-small hide-for-small bottom left show-on-hover\">\n\t\t\t\t\t\t\t<\/div>\n\t\t\t<div class=\"image-tools grid-tools text-center hide-for-small bottom hover-slide-in show-on-hover\">\n\t\t\t\t<a href=\"#quick-view\" class=\"quick-view\" role=\"button\" data-prod=\"111331\" aria-haspopup=\"dialog\" aria-expanded=\"false\" data-flatsome-role-button>Schnellansicht<\/a>\t\t\t<\/div>\n\t\t\t\t\t<\/div>\n\n\t\t<div class=\"box-text box-text-products\">\n\t\t\t<div class=\"title-wrapper\"><p class=\"name product-title woocommerce-loop-product__title\"><a href=\"https:\/\/www.meine-ernte.de\/shop\/bio-premium-set-kraeutergarten\/\" class=\"woocommerce-LoopProduct-link woocommerce-loop-product__link\">Bio-Premium-Set Kr\u00e4utergarten<\/a><\/p><\/div><div class=\"price-wrapper\">\n\t<span class=\"price\">\t\t<span class=\"tiered-pricing-dynamic-price-wrapper\"\n\t\t\t  data-display-context=\"shop-loop\"\n\t\t\t  data-price-type=\"no-rules\"\n\t\t\t  data-product-id=\"111331\"\n\t\t\t  data-parent-id=\"111331\">\n\t\t\t<span class=\"woocommerce-Price-amount amount\"><bdi>33,90&nbsp;<span class=\"woocommerce-Price-currencySymbol\">&euro;<\/span><\/bdi><\/span><\/span><\/span>\n\n\n\n<\/div>\t\t<\/div>\n\t<\/div>\n\t\n\t<p class=\"wc-gzd-additional-info wc-gzd-additional-info-loop tax-info\">inkl. 7 % MwSt.<\/p>\n\n\t<p class=\"wc-gzd-additional-info wc-gzd-additional-info-loop shipping-costs-info\">zzgl. <a href=\"https:\/\/www.meine-ernte.de\/shop\/versandarten\/\" target=\"_blank\">Versandkosten<\/a><\/p>\n\n\n\t<\/div>\n<\/div><div class=\"product-small col has-hover product type-product post-111001 status-publish instock product_cat-bio-jungpflanzen product_cat-meine-ernte-produkte product_cat-saatgut-und-pflanzen has-post-thumbnail taxable shipping-taxable purchasable product-type-simple\">\n\t<div class=\"col-inner\">\n\t\n<div class=\"badge-container absolute left top z-1\">\n\n<\/div>\n\t<div class=\"product-small box \">\n\t\t<div class=\"box-image\">\n\t\t\t<div class=\"image-fade_in_back\">\n\t\t\t\t<a href=\"https:\/\/www.meine-ernte.de\/shop\/jungpflanzen-gemuesebeet-set-sommergemuese-i\/\">\n\t\t\t\t\t<img decoding=\"async\" width=\"300\" height=\"300\" src=\"https:\/\/www.meine-ernte.de\/shop\/wp-content\/uploads\/Bio-Premium-Set-Sommergemuese-I-300x300.jpg\" class=\"attachment-woocommerce_thumbnail size-woocommerce_thumbnail\" alt=\"Bio-Premium-Set Sommergem\u00fcse I\" srcset=\"https:\/\/www.meine-ernte.de\/shop\/wp-content\/uploads\/Bio-Premium-Set-Sommergemuese-I-300x300.jpg 300w, https:\/\/www.meine-ernte.de\/shop\/wp-content\/uploads\/Bio-Premium-Set-Sommergemuese-I-400x400.jpg 400w, https:\/\/www.meine-ernte.de\/shop\/wp-content\/uploads\/Bio-Premium-Set-Sommergemuese-I-280x280.jpg 280w, https:\/\/www.meine-ernte.de\/shop\/wp-content\/uploads\/Bio-Premium-Set-Sommergemuese-I-100x100.jpg 100w, https:\/\/www.meine-ernte.de\/shop\/wp-content\/uploads\/Bio-Premium-Set-Sommergemuese-I-80x80.jpg 80w, https:\/\/www.meine-ernte.de\/shop\/wp-content\/uploads\/Bio-Premium-Set-Sommergemuese-I.jpg 590w\" sizes=\"(max-width: 300px) 100vw, 300px\" \/><img decoding=\"async\" width=\"300\" height=\"300\" src=\"https:\/\/www.meine-ernte.de\/shop\/wp-content\/uploads\/Spitzpaprika-Atris-300x300.jpg\" class=\"show-on-hover absolute fill hide-for-small back-image\" alt=\"Alternative view of Bio-Premium-Set Sommergem\u00fcse I\" aria-hidden=\"true\" srcset=\"https:\/\/www.meine-ernte.de\/shop\/wp-content\/uploads\/Spitzpaprika-Atris-300x300.jpg 300w, https:\/\/www.meine-ernte.de\/shop\/wp-content\/uploads\/Spitzpaprika-Atris-400x400.jpg 400w, https:\/\/www.meine-ernte.de\/shop\/wp-content\/uploads\/Spitzpaprika-Atris-280x280.jpg 280w, https:\/\/www.meine-ernte.de\/shop\/wp-content\/uploads\/Spitzpaprika-Atris-100x100.jpg 100w, https:\/\/www.meine-ernte.de\/shop\/wp-content\/uploads\/Spitzpaprika-Atris-80x80.jpg 80w, https:\/\/www.meine-ernte.de\/shop\/wp-content\/uploads\/Spitzpaprika-Atris.jpg 590w\" sizes=\"(max-width: 300px) 100vw, 300px\" \/>\t\t\t\t<\/a>\n\t\t\t<\/div>\n\t\t\t<div class=\"image-tools is-small top right show-on-hover\">\n\t\t\t\t\t\t\t<\/div>\n\t\t\t<div class=\"image-tools is-small hide-for-small bottom left show-on-hover\">\n\t\t\t\t\t\t\t<\/div>\n\t\t\t<div class=\"image-tools grid-tools text-center hide-for-small bottom hover-slide-in show-on-hover\">\n\t\t\t\t<a href=\"#quick-view\" class=\"quick-view\" role=\"button\" data-prod=\"111001\" aria-haspopup=\"dialog\" aria-expanded=\"false\" data-flatsome-role-button>Schnellansicht<\/a>\t\t\t<\/div>\n\t\t\t\t\t<\/div>\n\n\t\t<div class=\"box-text box-text-products\">\n\t\t\t<div class=\"title-wrapper\"><p class=\"name product-title woocommerce-loop-product__title\"><a href=\"https:\/\/www.meine-ernte.de\/shop\/jungpflanzen-gemuesebeet-set-sommergemuese-i\/\" class=\"woocommerce-LoopProduct-link woocommerce-loop-product__link\">Bio-Premium-Set Sommergem\u00fcse I<\/a><\/p><\/div><div class=\"price-wrapper\"><div class=\"star-rating star-rating--inline\" role=\"img\" aria-label=\"Bewertet mit 5 von 5\"><span style=\"width:100%\">Bewertet mit <strong class=\"rating\">5<\/strong> von 5<\/span><\/div><p class=\"wc-gzd-additional-info wc-gzd-additional-info-loop wc-gzd-rating-authenticity-status is-verified\">\n\tGepr\u00fcfte Gesamtbewertung. <a href=\"https:\/\/www.meine-ernte.de\/shop\/echtheit-von-bewertungen\/\" target=\"_blank\">Mehr Infos<\/a><\/p>\n\n\t<span class=\"price\">\t\t<span class=\"tiered-pricing-dynamic-price-wrapper\"\n\t\t\t  data-display-context=\"shop-loop\"\n\t\t\t  data-price-type=\"no-rules\"\n\t\t\t  data-product-id=\"111001\"\n\t\t\t  data-parent-id=\"111001\">\n\t\t\t<span class=\"woocommerce-Price-amount amount\"><bdi>33,90&nbsp;<span class=\"woocommerce-Price-currencySymbol\">&euro;<\/span><\/bdi><\/span><\/span><\/span>\n\n\n\n<\/div>\t\t<\/div>\n\t<\/div>\n\t\n\t<p class=\"wc-gzd-additional-info wc-gzd-additional-info-loop tax-info\">inkl. 7 % MwSt.<\/p>\n\n\t<p class=\"wc-gzd-additional-info wc-gzd-additional-info-loop shipping-costs-info\">zzgl. <a href=\"https:\/\/www.meine-ernte.de\/shop\/versandarten\/\" target=\"_blank\">Versandkosten<\/a><\/p>\n\n\n\t<\/div>\n<\/div><div class=\"product-small col has-hover product type-product post-111002 status-publish instock product_cat-bio-jungpflanzen product_cat-meine-ernte-produkte product_cat-saatgut-und-pflanzen has-post-thumbnail taxable shipping-taxable purchasable product-type-simple\">\n\t<div class=\"col-inner\">\n\t\n<div class=\"badge-container absolute left top z-1\">\n\n<\/div>\n\t<div class=\"product-small box \">\n\t\t<div class=\"box-image\">\n\t\t\t<div class=\"image-fade_in_back\">\n\t\t\t\t<a href=\"https:\/\/www.meine-ernte.de\/shop\/jungpflanzen-bio-10er-set-herbstgemuese-i\/\">\n\t\t\t\t\t<img decoding=\"async\" width=\"300\" height=\"300\" src=\"https:\/\/www.meine-ernte.de\/shop\/wp-content\/uploads\/Herbstgemuese-300x300.jpg\" class=\"attachment-woocommerce_thumbnail size-woocommerce_thumbnail\" alt=\"Bio-10er-Set Herbstgem\u00fcse I\" srcset=\"https:\/\/www.meine-ernte.de\/shop\/wp-content\/uploads\/Herbstgemuese-300x300.jpg 300w, https:\/\/www.meine-ernte.de\/shop\/wp-content\/uploads\/Herbstgemuese-400x400.jpg 400w, https:\/\/www.meine-ernte.de\/shop\/wp-content\/uploads\/Herbstgemuese-280x280.jpg 280w, https:\/\/www.meine-ernte.de\/shop\/wp-content\/uploads\/Herbstgemuese-100x100.jpg 100w, https:\/\/www.meine-ernte.de\/shop\/wp-content\/uploads\/Herbstgemuese-80x80.jpg 80w, https:\/\/www.meine-ernte.de\/shop\/wp-content\/uploads\/Herbstgemuese.jpg 590w\" sizes=\"(max-width: 300px) 100vw, 300px\" \/><img decoding=\"async\" width=\"300\" height=\"300\" src=\"https:\/\/www.meine-ernte.de\/shop\/wp-content\/uploads\/Spitzkohl-Caraflex-300x300.jpg\" class=\"show-on-hover absolute fill hide-for-small back-image\" alt=\"Alternative view of Bio-10er-Set Herbstgem\u00fcse I\" aria-hidden=\"true\" srcset=\"https:\/\/www.meine-ernte.de\/shop\/wp-content\/uploads\/Spitzkohl-Caraflex-300x300.jpg 300w, https:\/\/www.meine-ernte.de\/shop\/wp-content\/uploads\/Spitzkohl-Caraflex-400x400.jpg 400w, https:\/\/www.meine-ernte.de\/shop\/wp-content\/uploads\/Spitzkohl-Caraflex-280x280.jpg 280w, https:\/\/www.meine-ernte.de\/shop\/wp-content\/uploads\/Spitzkohl-Caraflex-100x100.jpg 100w, https:\/\/www.meine-ernte.de\/shop\/wp-content\/uploads\/Spitzkohl-Caraflex-80x80.jpg 80w, https:\/\/www.meine-ernte.de\/shop\/wp-content\/uploads\/Spitzkohl-Caraflex.jpg 590w\" sizes=\"(max-width: 300px) 100vw, 300px\" \/>\t\t\t\t<\/a>\n\t\t\t<\/div>\n\t\t\t<div class=\"image-tools is-small top right show-on-hover\">\n\t\t\t\t\t\t\t<\/div>\n\t\t\t<div class=\"image-tools is-small hide-for-small bottom left show-on-hover\">\n\t\t\t\t\t\t\t<\/div>\n\t\t\t<div class=\"image-tools grid-tools text-center hide-for-small bottom hover-slide-in show-on-hover\">\n\t\t\t\t<a href=\"#quick-view\" class=\"quick-view\" role=\"button\" data-prod=\"111002\" aria-haspopup=\"dialog\" aria-expanded=\"false\" data-flatsome-role-button>Schnellansicht<\/a>\t\t\t<\/div>\n\t\t\t\t\t<\/div>\n\n\t\t<div class=\"box-text box-text-products\">\n\t\t\t<div class=\"title-wrapper\"><p class=\"name product-title woocommerce-loop-product__title\"><a href=\"https:\/\/www.meine-ernte.de\/shop\/jungpflanzen-bio-10er-set-herbstgemuese-i\/\" class=\"woocommerce-LoopProduct-link woocommerce-loop-product__link\">Bio-10er-Set Herbstgem\u00fcse I<\/a><\/p><\/div><div class=\"price-wrapper\"><div class=\"star-rating star-rating--inline\" role=\"img\" aria-label=\"Bewertet mit 4 von 5\"><span style=\"width:80%\">Bewertet mit <strong class=\"rating\">4<\/strong> von 5<\/span><\/div><p class=\"wc-gzd-additional-info wc-gzd-additional-info-loop wc-gzd-rating-authenticity-status is-verified\">\n\tGepr\u00fcfte Gesamtbewertung. <a href=\"https:\/\/www.meine-ernte.de\/shop\/echtheit-von-bewertungen\/\" target=\"_blank\">Mehr Infos<\/a><\/p>\n\n\t<span class=\"price\">\t\t<span class=\"tiered-pricing-dynamic-price-wrapper\"\n\t\t\t  data-display-context=\"shop-loop\"\n\t\t\t  data-price-type=\"no-rules\"\n\t\t\t  data-product-id=\"111002\"\n\t\t\t  data-parent-id=\"111002\">\n\t\t\t<span class=\"woocommerce-Price-amount amount\"><bdi>9,90&nbsp;<span class=\"woocommerce-Price-currencySymbol\">&euro;<\/span><\/bdi><\/span><\/span><\/span>\n\n\n\n<\/div>\t\t<\/div>\n\t<\/div>\n\t\n\t<p class=\"wc-gzd-additional-info wc-gzd-additional-info-loop tax-info\">inkl. 7 % MwSt.<\/p>\n\n\t<p class=\"wc-gzd-additional-info wc-gzd-additional-info-loop shipping-costs-info\">zzgl. <a href=\"https:\/\/www.meine-ernte.de\/shop\/versandarten\/\" target=\"_blank\">Versandkosten<\/a><\/p>\n\n\n\t<\/div>\n<\/div><div class=\"product-small col has-hover product type-product post-110896 status-publish last instock product_cat-bio-jungpflanzen product_cat-meine-ernte-produkte product_cat-saatgut-und-pflanzen has-post-thumbnail taxable shipping-taxable purchasable product-type-simple\">\n\t<div class=\"col-inner\">\n\t\n<div class=\"badge-container absolute left top z-1\">\n\n<\/div>\n\t<div class=\"product-small box \">\n\t\t<div class=\"box-image\">\n\t\t\t<div class=\"image-fade_in_back\">\n\t\t\t\t<a href=\"https:\/\/www.meine-ernte.de\/shop\/jungpflanzen-bio-blumen-set-ii\/\">\n\t\t\t\t\t<img decoding=\"async\" width=\"300\" height=\"300\" src=\"https:\/\/www.meine-ernte.de\/shop\/wp-content\/uploads\/Blumen-essbar-300x300.jpg\" class=\"attachment-woocommerce_thumbnail size-woocommerce_thumbnail\" alt=\"Bio-Blumen-Set II\" srcset=\"https:\/\/www.meine-ernte.de\/shop\/wp-content\/uploads\/Blumen-essbar-300x300.jpg 300w, https:\/\/www.meine-ernte.de\/shop\/wp-content\/uploads\/Blumen-essbar-400x400.jpg 400w, https:\/\/www.meine-ernte.de\/shop\/wp-content\/uploads\/Blumen-essbar-280x280.jpg 280w, https:\/\/www.meine-ernte.de\/shop\/wp-content\/uploads\/Blumen-essbar-100x100.jpg 100w, https:\/\/www.meine-ernte.de\/shop\/wp-content\/uploads\/Blumen-essbar-80x80.jpg 80w, https:\/\/www.meine-ernte.de\/shop\/wp-content\/uploads\/Blumen-essbar.jpg 590w\" sizes=\"(max-width: 300px) 100vw, 300px\" \/><img decoding=\"async\" width=\"300\" height=\"300\" src=\"https:\/\/www.meine-ernte.de\/shop\/wp-content\/uploads\/Loewenmaeulchen-2-300x300.jpg\" class=\"show-on-hover absolute fill hide-for-small back-image\" alt=\"Alternative view of Bio-Blumen-Set II\" aria-hidden=\"true\" srcset=\"https:\/\/www.meine-ernte.de\/shop\/wp-content\/uploads\/Loewenmaeulchen-2-300x300.jpg 300w, https:\/\/www.meine-ernte.de\/shop\/wp-content\/uploads\/Loewenmaeulchen-2-400x400.jpg 400w, https:\/\/www.meine-ernte.de\/shop\/wp-content\/uploads\/Loewenmaeulchen-2-280x280.jpg 280w, https:\/\/www.meine-ernte.de\/shop\/wp-content\/uploads\/Loewenmaeulchen-2-100x100.jpg 100w, https:\/\/www.meine-ernte.de\/shop\/wp-content\/uploads\/Loewenmaeulchen-2-80x80.jpg 80w, https:\/\/www.meine-ernte.de\/shop\/wp-content\/uploads\/Loewenmaeulchen-2.jpg 590w\" sizes=\"(max-width: 300px) 100vw, 300px\" \/>\t\t\t\t<\/a>\n\t\t\t<\/div>\n\t\t\t<div class=\"image-tools is-small top right show-on-hover\">\n\t\t\t\t\t\t\t<\/div>\n\t\t\t<div class=\"image-tools is-small hide-for-small bottom left show-on-hover\">\n\t\t\t\t\t\t\t<\/div>\n\t\t\t<div class=\"image-tools grid-tools text-center hide-for-small bottom hover-slide-in show-on-hover\">\n\t\t\t\t<a href=\"#quick-view\" class=\"quick-view\" role=\"button\" data-prod=\"110896\" aria-haspopup=\"dialog\" aria-expanded=\"false\" data-flatsome-role-button>Schnellansicht<\/a>\t\t\t<\/div>\n\t\t\t\t\t<\/div>\n\n\t\t<div class=\"box-text box-text-products\">\n\t\t\t<div class=\"title-wrapper\"><p class=\"name product-title woocommerce-loop-product__title\"><a href=\"https:\/\/www.meine-ernte.de\/shop\/jungpflanzen-bio-blumen-set-ii\/\" class=\"woocommerce-LoopProduct-link woocommerce-loop-product__link\">Bio-Blumen-Set II<\/a><\/p><\/div><div class=\"price-wrapper\">\n\t<span class=\"price\">\t\t<span class=\"tiered-pricing-dynamic-price-wrapper\"\n\t\t\t  data-display-context=\"shop-loop\"\n\t\t\t  data-price-type=\"no-rules\"\n\t\t\t  data-product-id=\"110896\"\n\t\t\t  data-parent-id=\"110896\">\n\t\t\t<span class=\"woocommerce-Price-amount amount\"><bdi>16,90&nbsp;<span class=\"woocommerce-Price-currencySymbol\">&euro;<\/span><\/bdi><\/span><\/span><\/span>\n\n\n\n<\/div>\t\t<\/div>\n\t<\/div>\n\t\n\t<p class=\"wc-gzd-additional-info wc-gzd-additional-info-loop tax-info\">inkl. 7 % MwSt.<\/p>\n\n\t<p class=\"wc-gzd-additional-info wc-gzd-additional-info-loop shipping-costs-info\">zzgl. <a href=\"https:\/\/www.meine-ernte.de\/shop\/versandarten\/\" target=\"_blank\">Versandkosten<\/a><\/p>\n\n\n\t<\/div>\n<\/div><div class=\"product-small col has-hover product type-product post-111000 status-publish first instock product_cat-bio-jungpflanzen product_cat-meine-ernte-produkte product_cat-saatgut-und-pflanzen has-post-thumbnail taxable shipping-taxable purchasable product-type-simple\">\n\t<div class=\"col-inner\">\n\t\n<div class=\"badge-container absolute left top z-1\">\n\n<\/div>\n\t<div class=\"product-small box \">\n\t\t<div class=\"box-image\">\n\t\t\t<div class=\"image-fade_in_back\">\n\t\t\t\t<a href=\"https:\/\/www.meine-ernte.de\/shop\/jungpflanzen-bio-10er-set-herbstgemuese-ii\/\">\n\t\t\t\t\t<img decoding=\"async\" width=\"300\" height=\"300\" src=\"https:\/\/www.meine-ernte.de\/shop\/wp-content\/uploads\/Herbstgemuese-2-300x300.jpg\" class=\"attachment-woocommerce_thumbnail size-woocommerce_thumbnail\" alt=\"Bio-10er-Set Herbstgem\u00fcse II\" srcset=\"https:\/\/www.meine-ernte.de\/shop\/wp-content\/uploads\/Herbstgemuese-2-300x300.jpg 300w, https:\/\/www.meine-ernte.de\/shop\/wp-content\/uploads\/Herbstgemuese-2-400x400.jpg 400w, https:\/\/www.meine-ernte.de\/shop\/wp-content\/uploads\/Herbstgemuese-2-280x280.jpg 280w, https:\/\/www.meine-ernte.de\/shop\/wp-content\/uploads\/Herbstgemuese-2-100x100.jpg 100w, https:\/\/www.meine-ernte.de\/shop\/wp-content\/uploads\/Herbstgemuese-2-80x80.jpg 80w, https:\/\/www.meine-ernte.de\/shop\/wp-content\/uploads\/Herbstgemuese-2.jpg 590w\" sizes=\"(max-width: 300px) 100vw, 300px\" \/><img decoding=\"async\" width=\"300\" height=\"300\" src=\"https:\/\/www.meine-ernte.de\/shop\/wp-content\/uploads\/Wirsing-Famosa-300x300.jpg\" class=\"show-on-hover absolute fill hide-for-small back-image\" alt=\"Alternative view of Bio-10er-Set Herbstgem\u00fcse II\" aria-hidden=\"true\" srcset=\"https:\/\/www.meine-ernte.de\/shop\/wp-content\/uploads\/Wirsing-Famosa-300x300.jpg 300w, https:\/\/www.meine-ernte.de\/shop\/wp-content\/uploads\/Wirsing-Famosa-400x400.jpg 400w, https:\/\/www.meine-ernte.de\/shop\/wp-content\/uploads\/Wirsing-Famosa-280x280.jpg 280w, https:\/\/www.meine-ernte.de\/shop\/wp-content\/uploads\/Wirsing-Famosa-100x100.jpg 100w, https:\/\/www.meine-ernte.de\/shop\/wp-content\/uploads\/Wirsing-Famosa-80x80.jpg 80w, https:\/\/www.meine-ernte.de\/shop\/wp-content\/uploads\/Wirsing-Famosa.jpg 590w\" sizes=\"(max-width: 300px) 100vw, 300px\" \/>\t\t\t\t<\/a>\n\t\t\t<\/div>\n\t\t\t<div class=\"image-tools is-small top right show-on-hover\">\n\t\t\t\t\t\t\t<\/div>\n\t\t\t<div class=\"image-tools is-small hide-for-small bottom left show-on-hover\">\n\t\t\t\t\t\t\t<\/div>\n\t\t\t<div class=\"image-tools grid-tools text-center hide-for-small bottom hover-slide-in show-on-hover\">\n\t\t\t\t<a href=\"#quick-view\" class=\"quick-view\" role=\"button\" data-prod=\"111000\" aria-haspopup=\"dialog\" aria-expanded=\"false\" data-flatsome-role-button>Schnellansicht<\/a>\t\t\t<\/div>\n\t\t\t\t\t<\/div>\n\n\t\t<div class=\"box-text box-text-products\">\n\t\t\t<div class=\"title-wrapper\"><p class=\"name product-title woocommerce-loop-product__title\"><a href=\"https:\/\/www.meine-ernte.de\/shop\/jungpflanzen-bio-10er-set-herbstgemuese-ii\/\" class=\"woocommerce-LoopProduct-link woocommerce-loop-product__link\">Bio-10er-Set Herbstgem\u00fcse II<\/a><\/p><\/div><div class=\"price-wrapper\"><div class=\"star-rating star-rating--inline\" role=\"img\" aria-label=\"Bewertet mit 4.67 von 5\"><span style=\"width:93.4%\">Bewertet mit <strong class=\"rating\">4.67<\/strong> von 5<\/span><\/div><p class=\"wc-gzd-additional-info wc-gzd-additional-info-loop wc-gzd-rating-authenticity-status is-verified\">\n\tGepr\u00fcfte Gesamtbewertung. <a href=\"https:\/\/www.meine-ernte.de\/shop\/echtheit-von-bewertungen\/\" target=\"_blank\">Mehr Infos<\/a><\/p>\n\n\t<span class=\"price\">\t\t<span class=\"tiered-pricing-dynamic-price-wrapper\"\n\t\t\t  data-display-context=\"shop-loop\"\n\t\t\t  data-price-type=\"no-rules\"\n\t\t\t  data-product-id=\"111000\"\n\t\t\t  data-parent-id=\"111000\">\n\t\t\t<span class=\"woocommerce-Price-amount amount\"><bdi>9,90&nbsp;<span class=\"woocommerce-Price-currencySymbol\">&euro;<\/span><\/bdi><\/span><\/span><\/span>\n\n\n\n<\/div>\t\t<\/div>\n\t<\/div>\n\t\n\t<p class=\"wc-gzd-additional-info wc-gzd-additional-info-loop tax-info\">inkl. 7 % MwSt.<\/p>\n\n\t<p class=\"wc-gzd-additional-info wc-gzd-additional-info-loop shipping-costs-info\">zzgl. <a href=\"https:\/\/www.meine-ernte.de\/shop\/versandarten\/\" target=\"_blank\">Versandkosten<\/a><\/p>\n\n\n\t<\/div>\n<\/div><div class=\"product-small col has-hover product type-product post-111047 status-publish instock product_cat-bio-jungpflanzen product_cat-meine-ernte-produkte product_cat-saatgut-und-pflanzen has-post-thumbnail taxable shipping-taxable purchasable product-type-simple\">\n\t<div class=\"col-inner\">\n\t\n<div class=\"badge-container absolute left top z-1\">\n\n<\/div>\n\t<div class=\"product-small box \">\n\t\t<div class=\"box-image\">\n\t\t\t<div class=\"image-fade_in_back\">\n\t\t\t\t<a href=\"https:\/\/www.meine-ernte.de\/shop\/jungpflanzen-bio-premium-set-snack-gemuese\/\">\n\t\t\t\t\t<img decoding=\"async\" width=\"300\" height=\"300\" src=\"https:\/\/www.meine-ernte.de\/shop\/wp-content\/uploads\/Bio-Premium-Set-Snack-Gemuese--300x300.jpg\" class=\"attachment-woocommerce_thumbnail size-woocommerce_thumbnail\" alt=\"Bio-Premium-Set Snack-Gem\u00fcse\" srcset=\"https:\/\/www.meine-ernte.de\/shop\/wp-content\/uploads\/Bio-Premium-Set-Snack-Gemuese--300x300.jpg 300w, https:\/\/www.meine-ernte.de\/shop\/wp-content\/uploads\/Bio-Premium-Set-Snack-Gemuese--400x400.jpg 400w, https:\/\/www.meine-ernte.de\/shop\/wp-content\/uploads\/Bio-Premium-Set-Snack-Gemuese--280x280.jpg 280w, https:\/\/www.meine-ernte.de\/shop\/wp-content\/uploads\/Bio-Premium-Set-Snack-Gemuese--100x100.jpg 100w, https:\/\/www.meine-ernte.de\/shop\/wp-content\/uploads\/Bio-Premium-Set-Snack-Gemuese--80x80.jpg 80w, https:\/\/www.meine-ernte.de\/shop\/wp-content\/uploads\/Bio-Premium-Set-Snack-Gemuese-.jpg 590w\" sizes=\"(max-width: 300px) 100vw, 300px\" \/><img decoding=\"async\" width=\"300\" height=\"300\" src=\"https:\/\/www.meine-ernte.de\/shop\/wp-content\/uploads\/Andenbeere-Physalis-Schoenbrunner-Gold-300x300.jpg\" class=\"show-on-hover absolute fill hide-for-small back-image\" alt=\"Alternative view of Bio-Premium-Set Snack-Gem\u00fcse\" aria-hidden=\"true\" srcset=\"https:\/\/www.meine-ernte.de\/shop\/wp-content\/uploads\/Andenbeere-Physalis-Schoenbrunner-Gold-300x300.jpg 300w, https:\/\/www.meine-ernte.de\/shop\/wp-content\/uploads\/Andenbeere-Physalis-Schoenbrunner-Gold-400x400.jpg 400w, https:\/\/www.meine-ernte.de\/shop\/wp-content\/uploads\/Andenbeere-Physalis-Schoenbrunner-Gold-280x280.jpg 280w, https:\/\/www.meine-ernte.de\/shop\/wp-content\/uploads\/Andenbeere-Physalis-Schoenbrunner-Gold-100x100.jpg 100w, https:\/\/www.meine-ernte.de\/shop\/wp-content\/uploads\/Andenbeere-Physalis-Schoenbrunner-Gold-80x80.jpg 80w, https:\/\/www.meine-ernte.de\/shop\/wp-content\/uploads\/Andenbeere-Physalis-Schoenbrunner-Gold.jpg 590w\" sizes=\"(max-width: 300px) 100vw, 300px\" \/>\t\t\t\t<\/a>\n\t\t\t<\/div>\n\t\t\t<div class=\"image-tools is-small top right show-on-hover\">\n\t\t\t\t\t\t\t<\/div>\n\t\t\t<div class=\"image-tools is-small hide-for-small bottom left show-on-hover\">\n\t\t\t\t\t\t\t<\/div>\n\t\t\t<div class=\"image-tools grid-tools text-center hide-for-small bottom hover-slide-in show-on-hover\">\n\t\t\t\t<a href=\"#quick-view\" class=\"quick-view\" role=\"button\" data-prod=\"111047\" aria-haspopup=\"dialog\" aria-expanded=\"false\" data-flatsome-role-button>Schnellansicht<\/a>\t\t\t<\/div>\n\t\t\t\t\t<\/div>\n\n\t\t<div class=\"box-text box-text-products\">\n\t\t\t<div class=\"title-wrapper\"><p class=\"name product-title woocommerce-loop-product__title\"><a href=\"https:\/\/www.meine-ernte.de\/shop\/jungpflanzen-bio-premium-set-snack-gemuese\/\" class=\"woocommerce-LoopProduct-link woocommerce-loop-product__link\">Bio-Premium-Set Snack-Gem\u00fcse<\/a><\/p><\/div><div class=\"price-wrapper\">\n\t<span class=\"price\">\t\t<span class=\"tiered-pricing-dynamic-price-wrapper\"\n\t\t\t  data-display-context=\"shop-loop\"\n\t\t\t  data-price-type=\"no-rules\"\n\t\t\t  data-product-id=\"111047\"\n\t\t\t  data-parent-id=\"111047\">\n\t\t\t<span class=\"woocommerce-Price-amount amount\"><bdi>33,90&nbsp;<span class=\"woocommerce-Price-currencySymbol\">&euro;<\/span><\/bdi><\/span><\/span><\/span>\n\n\n\n<\/div>\t\t<\/div>\n\t<\/div>\n\t\n\t<p class=\"wc-gzd-additional-info wc-gzd-additional-info-loop tax-info\">inkl. 7 % MwSt.<\/p>\n\n\t<p class=\"wc-gzd-additional-info wc-gzd-additional-info-loop shipping-costs-info\">zzgl. <a href=\"https:\/\/www.meine-ernte.de\/shop\/versandarten\/\" target=\"_blank\">Versandkosten<\/a><\/p>\n\n\n\t<\/div>\n<\/div><div class=\"product-small col has-hover product type-product post-110901 status-publish instock product_cat-bio-jungpflanzen product_cat-meine-ernte-produkte product_cat-saatgut-und-pflanzen has-post-thumbnail taxable shipping-taxable purchasable product-type-simple\">\n\t<div class=\"col-inner\">\n\t\n<div class=\"badge-container absolute left top z-1\">\n\n<\/div>\n\t<div class=\"product-small box \">\n\t\t<div class=\"box-image\">\n\t\t\t<div class=\"image-fade_in_back\">\n\t\t\t\t<a href=\"https:\/\/www.meine-ernte.de\/shop\/jungpflanzen-bio-blumen-set-i\/\">\n\t\t\t\t\t<img decoding=\"async\" width=\"300\" height=\"300\" src=\"https:\/\/www.meine-ernte.de\/shop\/wp-content\/uploads\/Bio-Blumen-Set-I-300x300.jpg\" class=\"attachment-woocommerce_thumbnail size-woocommerce_thumbnail\" alt=\"Bio-Blumen-Set I\" srcset=\"https:\/\/www.meine-ernte.de\/shop\/wp-content\/uploads\/Bio-Blumen-Set-I-300x300.jpg 300w, https:\/\/www.meine-ernte.de\/shop\/wp-content\/uploads\/Bio-Blumen-Set-I-400x400.jpg 400w, https:\/\/www.meine-ernte.de\/shop\/wp-content\/uploads\/Bio-Blumen-Set-I-280x280.jpg 280w, https:\/\/www.meine-ernte.de\/shop\/wp-content\/uploads\/Bio-Blumen-Set-I-100x100.jpg 100w, https:\/\/www.meine-ernte.de\/shop\/wp-content\/uploads\/Bio-Blumen-Set-I-80x80.jpg 80w, https:\/\/www.meine-ernte.de\/shop\/wp-content\/uploads\/Bio-Blumen-Set-I.jpg 590w\" sizes=\"(max-width: 300px) 100vw, 300px\" \/><img decoding=\"async\" width=\"300\" height=\"300\" src=\"https:\/\/www.meine-ernte.de\/shop\/wp-content\/uploads\/Faerberdistel-300x300.jpg\" class=\"show-on-hover absolute fill hide-for-small back-image\" alt=\"Alternative view of Bio-Blumen-Set I\" aria-hidden=\"true\" srcset=\"https:\/\/www.meine-ernte.de\/shop\/wp-content\/uploads\/Faerberdistel-300x300.jpg 300w, https:\/\/www.meine-ernte.de\/shop\/wp-content\/uploads\/Faerberdistel-400x400.jpg 400w, https:\/\/www.meine-ernte.de\/shop\/wp-content\/uploads\/Faerberdistel-280x280.jpg 280w, https:\/\/www.meine-ernte.de\/shop\/wp-content\/uploads\/Faerberdistel-100x100.jpg 100w, https:\/\/www.meine-ernte.de\/shop\/wp-content\/uploads\/Faerberdistel-80x80.jpg 80w, https:\/\/www.meine-ernte.de\/shop\/wp-content\/uploads\/Faerberdistel.jpg 590w\" sizes=\"(max-width: 300px) 100vw, 300px\" \/>\t\t\t\t<\/a>\n\t\t\t<\/div>\n\t\t\t<div class=\"image-tools is-small top right show-on-hover\">\n\t\t\t\t\t\t\t<\/div>\n\t\t\t<div class=\"image-tools is-small hide-for-small bottom left show-on-hover\">\n\t\t\t\t\t\t\t<\/div>\n\t\t\t<div class=\"image-tools grid-tools text-center hide-for-small bottom hover-slide-in show-on-hover\">\n\t\t\t\t<a href=\"#quick-view\" class=\"quick-view\" role=\"button\" data-prod=\"110901\" aria-haspopup=\"dialog\" aria-expanded=\"false\" data-flatsome-role-button>Schnellansicht<\/a>\t\t\t<\/div>\n\t\t\t\t\t<\/div>\n\n\t\t<div class=\"box-text box-text-products\">\n\t\t\t<div class=\"title-wrapper\"><p class=\"name product-title woocommerce-loop-product__title\"><a href=\"https:\/\/www.meine-ernte.de\/shop\/jungpflanzen-bio-blumen-set-i\/\" class=\"woocommerce-LoopProduct-link woocommerce-loop-product__link\">Bio-Blumen-Set I<\/a><\/p><\/div><div class=\"price-wrapper\">\n\t<span class=\"price\">\t\t<span class=\"tiered-pricing-dynamic-price-wrapper\"\n\t\t\t  data-display-context=\"shop-loop\"\n\t\t\t  data-price-type=\"no-rules\"\n\t\t\t  data-product-id=\"110901\"\n\t\t\t  data-parent-id=\"110901\">\n\t\t\t<span class=\"woocommerce-Price-amount amount\"><bdi>16,90&nbsp;<span class=\"woocommerce-Price-currencySymbol\">&euro;<\/span><\/bdi><\/span><\/span><\/span>\n\n\n\n<\/div>\t\t<\/div>\n\t<\/div>\n\t\n\t<p class=\"wc-gzd-additional-info wc-gzd-additional-info-loop tax-info\">inkl. 7 % MwSt.<\/p>\n\n\t<p class=\"wc-gzd-additional-info wc-gzd-additional-info-loop shipping-costs-info\">zzgl. <a href=\"https:\/\/www.meine-ernte.de\/shop\/versandarten\/\" target=\"_blank\">Versandkosten<\/a><\/p>\n\n\n\t<\/div>\n<\/div><div class=\"product-small col has-hover product type-product post-111327 status-publish last instock product_cat-bio-jungpflanzen product_cat-meine-ernte-produkte product_cat-saatgut-und-pflanzen has-post-thumbnail taxable shipping-taxable purchasable product-type-simple\">\n\t<div class=\"col-inner\">\n\t\n<div class=\"badge-container absolute left top z-1\">\n\n<\/div>\n\t<div class=\"product-small box \">\n\t\t<div class=\"box-image\">\n\t\t\t<div class=\"image-fade_in_back\">\n\t\t\t\t<a href=\"https:\/\/www.meine-ernte.de\/shop\/jungpflanzen-bio-premium-set-tomate-basilikum\/\">\n\t\t\t\t\t<img decoding=\"async\" width=\"300\" height=\"300\" src=\"https:\/\/www.meine-ernte.de\/shop\/wp-content\/uploads\/Bio-Premium-Set-Tomate-Basilikum-300x300.jpg\" class=\"attachment-woocommerce_thumbnail size-woocommerce_thumbnail\" alt=\"Bio-Premium-Set Tomate-Basilikum\" srcset=\"https:\/\/www.meine-ernte.de\/shop\/wp-content\/uploads\/Bio-Premium-Set-Tomate-Basilikum-300x300.jpg 300w, https:\/\/www.meine-ernte.de\/shop\/wp-content\/uploads\/Bio-Premium-Set-Tomate-Basilikum-400x400.jpg 400w, https:\/\/www.meine-ernte.de\/shop\/wp-content\/uploads\/Bio-Premium-Set-Tomate-Basilikum-280x280.jpg 280w, https:\/\/www.meine-ernte.de\/shop\/wp-content\/uploads\/Bio-Premium-Set-Tomate-Basilikum-100x100.jpg 100w, https:\/\/www.meine-ernte.de\/shop\/wp-content\/uploads\/Bio-Premium-Set-Tomate-Basilikum-80x80.jpg 80w, https:\/\/www.meine-ernte.de\/shop\/wp-content\/uploads\/Bio-Premium-Set-Tomate-Basilikum.jpg 590w\" sizes=\"(max-width: 300px) 100vw, 300px\" \/><img decoding=\"async\" width=\"300\" height=\"300\" src=\"https:\/\/www.meine-ernte.de\/shop\/wp-content\/uploads\/Basilikum-Genoveser-300x300.jpg\" class=\"show-on-hover absolute fill hide-for-small back-image\" alt=\"Alternative view of Bio-Premium-Set Tomate-Basilikum\" aria-hidden=\"true\" srcset=\"https:\/\/www.meine-ernte.de\/shop\/wp-content\/uploads\/Basilikum-Genoveser-300x300.jpg 300w, https:\/\/www.meine-ernte.de\/shop\/wp-content\/uploads\/Basilikum-Genoveser-400x400.jpg 400w, https:\/\/www.meine-ernte.de\/shop\/wp-content\/uploads\/Basilikum-Genoveser-280x280.jpg 280w, https:\/\/www.meine-ernte.de\/shop\/wp-content\/uploads\/Basilikum-Genoveser-100x100.jpg 100w, https:\/\/www.meine-ernte.de\/shop\/wp-content\/uploads\/Basilikum-Genoveser-80x80.jpg 80w, https:\/\/www.meine-ernte.de\/shop\/wp-content\/uploads\/Basilikum-Genoveser.jpg 590w\" sizes=\"(max-width: 300px) 100vw, 300px\" \/>\t\t\t\t<\/a>\n\t\t\t<\/div>\n\t\t\t<div class=\"image-tools is-small top right show-on-hover\">\n\t\t\t\t\t\t\t<\/div>\n\t\t\t<div class=\"image-tools is-small hide-for-small bottom left show-on-hover\">\n\t\t\t\t\t\t\t<\/div>\n\t\t\t<div class=\"image-tools grid-tools text-center hide-for-small bottom hover-slide-in show-on-hover\">\n\t\t\t\t<a href=\"#quick-view\" class=\"quick-view\" role=\"button\" data-prod=\"111327\" aria-haspopup=\"dialog\" aria-expanded=\"false\" data-flatsome-role-button>Schnellansicht<\/a>\t\t\t<\/div>\n\t\t\t\t\t<\/div>\n\n\t\t<div class=\"box-text box-text-products\">\n\t\t\t<div class=\"title-wrapper\"><p class=\"name product-title woocommerce-loop-product__title\"><a href=\"https:\/\/www.meine-ernte.de\/shop\/jungpflanzen-bio-premium-set-tomate-basilikum\/\" class=\"woocommerce-LoopProduct-link woocommerce-loop-product__link\">Bio-Premium-Set Tomate-Basilikum<\/a><\/p><\/div><div class=\"price-wrapper\"><div class=\"star-rating star-rating--inline\" role=\"img\" aria-label=\"Bewertet mit 5 von 5\"><span style=\"width:100%\">Bewertet mit <strong class=\"rating\">5<\/strong> von 5<\/span><\/div><p class=\"wc-gzd-additional-info wc-gzd-additional-info-loop wc-gzd-rating-authenticity-status is-verified\">\n\tGepr\u00fcfte Gesamtbewertung. <a href=\"https:\/\/www.meine-ernte.de\/shop\/echtheit-von-bewertungen\/\" target=\"_blank\">Mehr Infos<\/a><\/p>\n\n\t<span class=\"price\">\t\t<span class=\"tiered-pricing-dynamic-price-wrapper\"\n\t\t\t  data-display-context=\"shop-loop\"\n\t\t\t  data-price-type=\"no-rules\"\n\t\t\t  data-product-id=\"111327\"\n\t\t\t  data-parent-id=\"111327\">\n\t\t\t<span class=\"woocommerce-Price-amount amount\"><bdi>33,90&nbsp;<span class=\"woocommerce-Price-currencySymbol\">&euro;<\/span><\/bdi><\/span><\/span><\/span>\n\n\n\n<\/div>\t\t<\/div>\n\t<\/div>\n\t\n\t<p class=\"wc-gzd-additional-info wc-gzd-additional-info-loop tax-info\">inkl. 7 % MwSt.<\/p>\n\n\t<p class=\"wc-gzd-additional-info wc-gzd-additional-info-loop shipping-costs-info\">zzgl. <a href=\"https:\/\/www.meine-ernte.de\/shop\/versandarten\/\" target=\"_blank\">Versandkosten<\/a><\/p>\n\n\n\t<\/div>\n<\/div><\/div>\n","protected":false},"excerpt":{"rendered":"<ul>\n<li>10 <strong>essbare<\/strong> und pflegeleichte Bio-Blumenjungpflanzen<\/li>\n<li>Bl\u00fchbasilikum (3x), Bartnelke (3x) und L\u00f6wenm\u00e4ulchen (4x)<\/li>\n<li>Bio-Qualit\u00e4t aus deutscher Landwirtschaft<\/li>\n<li>Versand immer donnerstags (bei Bestelleingang bis 12 Uhr am vorherigen Dienstag)<\/li>\n<\/ul>\n<p><img decoding=\"async\" src=\"https:\/\/www.meine-ernte.de\/shop\/wp-content\/uploads\/EU-Bio-Siegel-Shop-600x600-px.jpg\" width=\"150px\" \/><br \/>\nDE-\u00d6KO-005<br \/>\nDeutsche Landwirtschaft<\/p>\n<h4><\/h4>\n","protected":false},"featured_media":118137,"comment_status":"open","ping_status":"closed","template":"","meta":{"_acf_changed":false},"product_brand":[],"product_cat":[748,668,72],"product_tag":[],"class_list":{"0":"post-110896","1":"product","2":"type-product","3":"status-publish","4":"has-post-thumbnail","6":"product_cat-bio-jungpflanzen","7":"product_cat-meine-ernte-produkte","8":"product_cat-saatgut-und-pflanzen","9":"product_shipping_class-wunderlich-1","11":"first","12":"instock","13":"taxable","14":"shipping-taxable","15":"purchasable","16":"product-type-simple"},"acf":[],"tiered_pricing_type":"fixed","tiered_pricing_fixed_rules":[],"tiered_pricing_product_settings":{"layout":"default","base_unit_name":{"singular":null,"plural":null},"default_variation":null},"tiered_pricing_minimum_quantity":null,"tiered_pricing_roles_data":[],"tiered_pricing_percentage_rules":[],"_links":{"self":[{"href":"https:\/\/www.meine-ernte.de\/shop\/wp-json\/wp\/v2\/product\/110896","targetHints":{"allow":["GET"]}}],"collection":[{"href":"https:\/\/www.meine-ernte.de\/shop\/wp-json\/wp\/v2\/product"}],"about":[{"href":"https:\/\/www.meine-ernte.de\/shop\/wp-json\/wp\/v2\/types\/product"}],"replies":[{"embeddable":true,"href":"https:\/\/www.meine-ernte.de\/shop\/wp-json\/wp\/v2\/comments?post=110896"}],"wp:featuredmedia":[{"embeddable":true,"href":"https:\/\/www.meine-ernte.de\/shop\/wp-json\/wp\/v2\/media\/118137"}],"wp:attachment":[{"href":"https:\/\/www.meine-ernte.de\/shop\/wp-json\/wp\/v2\/media?parent=110896"}],"wp:term":[{"taxonomy":"product_brand","embeddable":true,"href":"https:\/\/www.meine-ernte.de\/shop\/wp-json\/wp\/v2\/product_brand?post=110896"},{"taxonomy":"product_cat","embeddable":true,"href":"https:\/\/www.meine-ernte.de\/shop\/wp-json\/wp\/v2\/product_cat?post=110896"},{"taxonomy":"product_tag","embeddable":true,"href":"https:\/\/www.meine-ernte.de\/shop\/wp-json\/wp\/v2\/product_tag?post=110896"}],"curies":[{"name":"wp","href":"https:\/\/api.w.org\/{rel}","templated":true}]}}